{"id":10,"date":"2014-07-09T20:02:05","date_gmt":"2014-07-09T20:02:05","guid":{"rendered":"http:\/\/waldkindergarten-trudering.de\/wordpress\/?page_id=10"},"modified":"2025-06-05T17:13:19","modified_gmt":"2025-06-05T17:13:19","slug":"konzept-konzept","status":"publish","type":"page","link":"https:\/\/waldkindergarten-trudering.de\/wordpress\/konzept-konzept\/","title":{"rendered":"Konzept &#8211; Konzept"},"content":{"rendered":"<div data-colibri-id=\"10-c1\" class=\"style-617 style-local-10-c1 position-relative\">\n  <!---->\n  <div data-colibri-component=\"section\" data-colibri-id=\"10-c2\" id=\"about\" class=\"h-section h-section-global-spacing d-flex align-items-lg-center align-items-md-center align-items-center style-622 style-local-10-c2 position-relative\">\n    <!---->\n    <!---->\n    <div class=\"h-section-grid-container h-section-boxed-container\">\n      <!---->\n      <div data-colibri-id=\"10-c3\" class=\"h-row-container gutters-row-lg-2 gutters-row-md-2 gutters-row-2 gutters-row-v-lg-2 gutters-row-v-md-2 gutters-row-v-2 style-623 style-local-10-c3 position-relative\">\n        <!---->\n        <div class=\"h-row justify-content-lg-center justify-content-md-center justify-content-center align-items-lg-stretch align-items-md-stretch align-items-stretch gutters-col-lg-2 gutters-col-md-2 gutters-col-2 gutters-col-v-lg-2 gutters-col-v-md-2 gutters-col-v-2\">\n          <!---->\n          <div class=\"h-column h-column-container d-flex h-col-lg-6 h-col-md-6 h-col-12 style-624-outer style-local-10-c4-outer\">\n            <div data-colibri-id=\"10-c4\" class=\"d-flex h-flex-basis h-column__inner h-px-lg-2 h-px-md-2 h-px-2 v-inner-lg-2 v-inner-md-2 v-inner-2 style-624 style-local-10-c4 position-relative\">\n              <!---->\n              <!---->\n              <div class=\"w-100 h-y-container h-column__content h-column__v-align flex-basis-100 align-self-lg-center align-self-md-center align-self-center\">\n                <!---->\n                <div data-colibri-id=\"10-c5\" class=\"h-global-transition-all h-heading style-625 style-local-10-c5 position-relative h-element\">\n                  <!---->\n                  <div class=\"h-heading__outer style-625 style-local-10-c5\">\n                    <!---->\n                    <!---->\n                    <h5 class=\"\">Mit Herz, Hand und Verstand<\/h5>\n                  <\/div>\n                <\/div>\n                <div data-colibri-id=\"10-c6\" class=\"h-global-transition-all h-heading style-626 style-local-10-c6 position-relative h-element\">\n                  <!---->\n                  <div class=\"h-heading__outer style-626 style-local-10-c6\">\n                    <!---->\n                    <!---->\n                    <h3 class=\"\">Weil wir unseren Wald lieben und sich unsere kleinen Forscher hier ausleben k\u00f6nnen<\/h3>\n                  <\/div>\n                <\/div>\n                <div data-colibri-id=\"10-c7\" class=\"h-lead h-text h-text-component style-627 style-local-10-c7 position-relative h-element\">\n                  <!---->\n                  <!---->\n                  <div class=\"\">\n                    <p>Die Kinder werden individuell in einer kleinen Gruppe gef\u00f6rdert. Sie \u00fcben, Probleme aus eigener Kraft zu l\u00f6sen und spielen kreativ mit den Materialien des Waldes. Der Wald eignet sich ideal, um erforscht zu werden und einen achtsamen\n                      Umgang mit ihm zu erlernen. Durch Rituale und Regeln erfahren die Kinder ein starkes soziales Miteinander und erfahren hierdurch Geborgenheit.\n                      <br>\n                    <\/p>\n                  <\/div>\n                <\/div>\n                <div data-colibri-id=\"10-c8\" class=\"h-x-container style-628 style-local-10-c8 position-relative h-element\">\n                  <!---->\n                  <div class=\"h-x-container-inner style-dynamic-10-c8-group style-628-spacing style-local-10-c8-spacing\"><span class=\"h-button__outer style-629-outer style-local-10-c9-outer d-inline-flex h-element\"><a h-use-smooth-scroll=\"true\" href=\"https:\/\/waldkindergarten-trudering.de\/wordpress\/wp-content\/uploads\/\/2025\/06\/P\u00e4dagogisches Konzept_neu2025Juni.pdf\" rel=\"nofollow\"  data-colibri-id=\"10-c9\" class=\"d-flex w-100 align-items-center h-button justify-content-lg-center justify-content-md-center justify-content-center style-629 style-local-10-c9 position-relative\"><!----><!----> <span>Unser Konzept zum Durchlesen<\/span><\/a>\n                    <\/span>\n                  <\/div>\n                <\/div>\n              <\/div>\n            <\/div>\n          <\/div>\n          <div class=\"h-column h-column-container d-flex h-col-lg-6 h-col-md-6 h-col-12 style-630-outer style-local-10-c10-outer\">\n            <div data-colibri-id=\"10-c10\" class=\"d-flex h-flex-basis h-column__inner h-px-lg-2 h-px-md-2 h-px-2 v-inner-lg-2 v-inner-md-2 v-inner-2 style-630 style-local-10-c10 position-relative\">\n              <!---->\n              <!---->\n              <div class=\"w-100 h-y-container h-column__content h-column__v-align flex-basis-100 align-self-lg-center align-self-md-center align-self-center\">\n                <!---->\n                <div data-colibri-id=\"10-c11\" class=\"d-block style-631 style-local-10-c11 position-relative h-element\">\n                  <!---->\n                  <div class=\"h-image__frame-container-outer\">\n                    <div class=\"h-image__frame-container\">\n                      <!---->\n                      <!---->\n                      <img loading=\"lazy\" decoding=\"async\" width=\"2560\" height=\"1920\" src=\"https:\/\/waldkindergarten-trudering.de\/wordpress\/wp-content\/uploads\/2021\/12\/DSCN9420-scaled.jpg\" class=\"wp-image-4535 style-631-image style-local-10-c11-image\" alt=\"\" srcset=\"https:\/\/waldkindergarten-trudering.de\/wordpress\/wp-content\/uploads\/2021\/12\/DSCN9420-scaled.jpg 2560w, https:\/\/waldkindergarten-trudering.de\/wordpress\/wp-content\/uploads\/2021\/12\/DSCN9420-300x225.jpg 300w, https:\/\/waldkindergarten-trudering.de\/wordpress\/wp-content\/uploads\/2021\/12\/DSCN9420-1024x768.jpg 1024w, https:\/\/waldkindergarten-trudering.de\/wordpress\/wp-content\/uploads\/2021\/12\/DSCN9420-768x576.jpg 768w, https:\/\/waldkindergarten-trudering.de\/wordpress\/wp-content\/uploads\/2021\/12\/DSCN9420-1536x1152.jpg 1536w, https:\/\/waldkindergarten-trudering.de\/wordpress\/wp-content\/uploads\/2021\/12\/DSCN9420-2048x1536.jpg 2048w\" sizes=\"auto, (max-width: 2560px) 100vw, 2560px\" \/>\n                      <div class=\"h-image__frame h-hide-sm style-631-frameImage style-local-10-c11-frameImage\"><\/div>\n                    <\/div>\n                  <\/div>\n                <\/div>\n              <\/div>\n            <\/div>\n          <\/div>\n        <\/div>\n      <\/div>\n    <\/div>\n  <\/div>\n  <div data-colibri-component=\"section\" data-colibri-id=\"10-c12\" id=\"about-3\" class=\"h-section h-section-global-spacing d-flex align-items-lg-center align-items-md-center align-items-center style-708 style-local-10-c12 position-relative\">\n    <!---->\n    <!---->\n    <div class=\"h-section-grid-container h-section-boxed-container\">\n      <!---->\n      <div data-colibri-id=\"10-c13\" class=\"h-row-container gutters-row-lg-2 gutters-row-md-2 gutters-row-2 gutters-row-v-lg-2 gutters-row-v-md-2 gutters-row-v-2 style-709 style-local-10-c13 position-relative\">\n        <!---->\n        <div class=\"h-row justify-content-lg-center justify-content-md-center justify-content-center align-items-lg-stretch align-items-md-stretch align-items-stretch gutters-col-lg-2 gutters-col-md-2 gutters-col-2 gutters-col-v-lg-2 gutters-col-v-md-2 gutters-col-v-2\">\n          <!---->\n          <div class=\"h-column h-column-container d-flex h-col-lg-6 h-col-md-6 h-col-12 style-710-outer style-local-10-c14-outer\">\n            <div data-colibri-id=\"10-c14\" class=\"d-flex h-flex-basis h-column__inner h-px-lg-2 h-px-md-2 h-px-2 v-inner-lg-2 v-inner-md-2 v-inner-2 style-710 style-local-10-c14 position-relative\">\n              <!---->\n              <!---->\n              <div class=\"w-100 h-y-container h-column__content h-column__v-align flex-basis-100 align-self-lg-center align-self-md-center align-self-center\">\n                <!---->\n                <div data-colibri-id=\"10-c15\" class=\"h-global-transition-all h-heading style-711 style-local-10-c15 position-relative h-element\">\n                  <!---->\n                  <div class=\"h-heading__outer style-711 style-local-10-c15\">\n                    <!---->\n                    <!---->\n                    <h5 class=\"\">Spielzeugfrei und<\/h5>\n                  <\/div>\n                <\/div>\n                <div data-colibri-id=\"10-c16\" class=\"h-global-transition-all h-heading style-712 style-local-10-c16 position-relative h-element\">\n                  <!---->\n                  <div class=\"h-heading__outer style-712 style-local-10-c16\">\n                    <!---->\n                    <!---->\n                    <h2 class=\"\">Situationsorientiert<\/h2>\n                  <\/div>\n                <\/div>\n                <div data-colibri-id=\"10-c17\" class=\"h-text h-text-component style-713 style-local-10-c17 position-relative h-element\">\n                  <!---->\n                  <!---->\n                  <div class=\"\">\n                    <p>Der Kindergarten ist spielzeugfrei und arbeitet nach dem situationsorientierten Ansatz. Die Kinder besch\u00e4ftigen sich an wechselnden Pl\u00e4tzen im Truderinger Wald unter p\u00e4dagogischer Anleitung vielf\u00e4ltig in und mit der Natur. Sie nutzen\n                      neben den Naturmaterialien auch Werkzeuge und ausgew\u00e4hlte Spielmaterialien (Malzeug, Seile, Bastelmaterial etc.)<\/p>\n                  <\/div>\n                <\/div>\n              <\/div>\n            <\/div>\n          <\/div>\n          <div class=\"h-column h-column-container d-flex h-col-lg-6 h-col-md-6 h-col-12 style-716-outer style-local-10-c18-outer\">\n            <div data-colibri-id=\"10-c18\" class=\"d-flex h-flex-basis h-column__inner h-px-lg-2 h-px-md-2 h-px-2 v-inner-lg-2 v-inner-md-2 v-inner-2 style-716 style-local-10-c18 position-relative\">\n              <!---->\n              <!---->\n              <div class=\"w-100 h-y-container h-column__content h-column__v-align flex-basis-100 align-self-lg-center align-self-md-center align-self-center\">\n                <!---->\n                <div data-colibri-id=\"10-c19\" class=\"d-block style-717 style-local-10-c19 position-relative h-element\">\n                  <!---->\n                  <div class=\"h-image__frame-container-outer\">\n                    <div class=\"h-image__frame-container\">\n                      <!---->\n                      <!---->\n                      <img loading=\"lazy\" decoding=\"async\" width=\"735\" height=\"467\" src=\"https:\/\/waldkindergarten-trudering.de\/wordpress\/wp-content\/uploads\/Banner\/cropped-1179.png\" class=\"wp-image-3030 style-717-image style-local-10-c19-image\" alt=\"\" srcset=\"https:\/\/waldkindergarten-trudering.de\/wordpress\/wp-content\/uploads\/Banner\/cropped-1179.png 735w, https:\/\/waldkindergarten-trudering.de\/wordpress\/wp-content\/uploads\/Banner\/cropped-1179-300x191.png 300w\" sizes=\"auto, (max-width: 735px) 100vw, 735px\" \/>\n                      <div class=\"h-image__frame h-hide-sm style-717-frameImage style-local-10-c19-frameImage\"><\/div>\n                    <\/div>\n                  <\/div>\n                <\/div>\n              <\/div>\n            <\/div>\n          <\/div>\n        <\/div>\n      <\/div>\n    <\/div>\n  <\/div>\n  <div data-colibri-component=\"section\" data-colibri-id=\"10-c20\" id=\"about-2\" class=\"h-section h-section-global-spacing d-flex align-items-lg-center align-items-md-center align-items-center style-718 style-local-10-c20 position-relative\">\n    <!---->\n    <!---->\n    <div class=\"h-section-grid-container h-section-boxed-container\">\n      <!---->\n      <div data-colibri-id=\"10-c21\" class=\"h-row-container gutters-row-lg-2 gutters-row-md-2 gutters-row-2 gutters-row-v-lg-2 gutters-row-v-md-2 gutters-row-v-2 style-719 style-local-10-c21 position-relative\">\n        <!---->\n        <div class=\"h-row justify-content-lg-center justify-content-md-center justify-content-center align-items-lg-stretch align-items-md-stretch align-items-stretch gutters-col-lg-2 gutters-col-md-2 gutters-col-2 gutters-col-v-lg-2 gutters-col-v-md-2 gutters-col-v-2\">\n          <!---->\n          <div class=\"h-column h-column-container d-flex h-col-lg-6 h-col-md-6 h-col-12 style-726-outer style-local-10-c22-outer\">\n            <div data-colibri-id=\"10-c22\" class=\"d-flex h-flex-basis h-column__inner h-px-lg-2 h-px-md-2 h-px-2 v-inner-lg-2 v-inner-md-2 v-inner-2 style-726 style-local-10-c22 position-relative\">\n              <!---->\n              <!---->\n              <div class=\"w-100 h-y-container h-column__content h-column__v-align flex-basis-100 align-self-lg-center align-self-md-center align-self-center\">\n                <!---->\n                <div data-colibri-id=\"10-c23\" class=\"d-block style-727 style-local-10-c23 position-relative h-element\">\n                  <!---->\n                  <div class=\"h-image__frame-container-outer\">\n                    <div class=\"h-image__frame-container\">\n                      <!---->\n                      <!---->\n                      <img loading=\"lazy\" decoding=\"async\" width=\"1417\" height=\"941\" src=\"https:\/\/waldkindergarten-trudering.de\/wordpress\/wp-content\/uploads\/Banner\/St-Martin_2014.jpg\" class=\"wp-image-788 style-727-image style-local-10-c23-image\" alt=\"\" srcset=\"https:\/\/waldkindergarten-trudering.de\/wordpress\/wp-content\/uploads\/Banner\/St-Martin_2014.jpg 1417w, https:\/\/waldkindergarten-trudering.de\/wordpress\/wp-content\/uploads\/Banner\/St-Martin_2014-300x199.jpg 300w, https:\/\/waldkindergarten-trudering.de\/wordpress\/wp-content\/uploads\/Banner\/St-Martin_2014-1024x680.jpg 1024w, https:\/\/waldkindergarten-trudering.de\/wordpress\/wp-content\/uploads\/Banner\/St-Martin_2014-768x510.jpg 768w\" sizes=\"auto, (max-width: 1417px) 100vw, 1417px\" \/>\n                      <div class=\"h-image__frame h-hide-sm style-727-frameImage style-local-10-c23-frameImage\"><\/div>\n                    <\/div>\n                  <\/div>\n                <\/div>\n              <\/div>\n            <\/div>\n          <\/div>\n          <div class=\"h-column h-column-container d-flex h-col-lg-6 h-col-md-6 h-col-12 style-720-outer style-local-10-c24-outer\">\n            <div data-colibri-id=\"10-c24\" class=\"d-flex h-flex-basis h-column__inner h-px-lg-2 h-px-md-2 h-px-2 v-inner-lg-2 v-inner-md-2 v-inner-2 style-720 style-local-10-c24 position-relative\">\n              <!---->\n              <!---->\n              <div class=\"w-100 h-y-container h-column__content h-column__v-align flex-basis-100 align-self-lg-center align-self-md-center align-self-center\">\n                <!---->\n                <div data-colibri-id=\"10-c25\" class=\"h-global-transition-all h-heading style-721 style-local-10-c25 position-relative h-element\">\n                  <!---->\n                  <div class=\"h-heading__outer style-721 style-local-10-c25\">\n                    <!---->\n                    <!---->\n                    <h5 class=\"\">Feste und Ausfl\u00fcge<\/h5>\n                  <\/div>\n                <\/div>\n                <div data-colibri-id=\"10-c26\" class=\"h-global-transition-all h-heading style-722 style-local-10-c26 position-relative h-element\">\n                  <!---->\n                  <div class=\"h-heading__outer style-722 style-local-10-c26\">\n                    <!---->\n                    <!---->\n                    <h2 class=\"\">St. Martin, Nikolaus, Weihnachten, Fasching, &#8230;<\/h2>\n                  <\/div>\n                <\/div>\n                <div data-colibri-id=\"10-c27\" class=\"h-text h-text-component style-723 style-local-10-c27 position-relative h-element\">\n                  <!---->\n                  <!---->\n                  <div class=\"\">\n                    <p>Anl\u00e4sse gibt es genug f\u00fcr gemeinsame Momente mit und ohne Eltern. Der besondere Reiz unserer Feste ist aber, dass sie immer im Freien im Einklang mit den Jahreszeiten stattfinden.<\/p>\n                    <p>Regelm\u00e4\u00dfig stehen auch Ausfl\u00fcge auf dem Programm, z.B. ins Kindertheater, Museum, in den Tierpark oder an sch\u00f6ne Orte in der Natur. Zum Jahresprogramm geh\u00f6rt eine Dreitagesfahrt der Kinder mit den Erzierher:innen. Au\u00dferdem verbringen\n                      alle Familien ein Wochenende zusammen auf einem Bauernhof.<\/p>\n                  <\/div>\n                <\/div>\n              <\/div>\n            <\/div>\n          <\/div>\n        <\/div>\n      <\/div>\n    <\/div>\n  <\/div>\n<\/div>","protected":false},"excerpt":{"rendered":"<p>Mit Herz, Hand und Verstand Weil wir unseren Wald lieben und sich unsere kleinen Forscher hier ausleben k\u00f6nnen Die Kinder werden individuell in einer kleinen Gruppe gef\u00f6rdert. Sie \u00fcben, Probleme aus eigener Kraft zu l\u00f6sen und spielen kreativ mit den Materialien des Waldes. Der Wald eignet sich ideal, um erforscht zu werden und einen achtsamen [&hellip;]<\/p>\n","protected":false},"author":9,"featured_media":0,"parent":0,"menu_order":0,"comment_status":"closed","ping_status":"closed","template":"page-templates\/full-width-page.php","meta":{"footnotes":""},"class_list":["post-10","page","type-page","status-publish","hentry"],"_links":{"self":[{"href":"https:\/\/waldkindergarten-trudering.de\/wordpress\/wp-json\/wp\/v2\/pages\/10","targetHints":{"allow":["GET"]}}],"collection":[{"href":"https:\/\/waldkindergarten-trudering.de\/wordpress\/wp-json\/wp\/v2\/pages"}],"about":[{"href":"https:\/\/waldkindergarten-trudering.de\/wordpress\/wp-json\/wp\/v2\/types\/page"}],"author":[{"embeddable":true,"href":"https:\/\/waldkindergarten-trudering.de\/wordpress\/wp-json\/wp\/v2\/users\/9"}],"replies":[{"embeddable":true,"href":"https:\/\/waldkindergarten-trudering.de\/wordpress\/wp-json\/wp\/v2\/comments?post=10"}],"version-history":[{"count":20,"href":"https:\/\/waldkindergarten-trudering.de\/wordpress\/wp-json\/wp\/v2\/pages\/10\/revisions"}],"predecessor-version":[{"id":6224,"href":"https:\/\/waldkindergarten-trudering.de\/wordpress\/wp-json\/wp\/v2\/pages\/10\/revisions\/6224"}],"wp:attachment":[{"href":"https:\/\/waldkindergarten-trudering.de\/wordpress\/wp-json\/wp\/v2\/media?parent=10"}],"curies":[{"name":"wp","href":"https:\/\/api.w.org\/{rel}","templated":true}]}}