{"id":14,"date":"2014-07-09T20:02:53","date_gmt":"2014-07-09T20:02:53","guid":{"rendered":"http:\/\/waldkindergarten-trudering.de\/wordpress\/?page_id=14"},"modified":"2021-12-20T12:12:41","modified_gmt":"2021-12-20T12:12:41","slug":"konzept-schulvorbereitung","status":"publish","type":"page","link":"https:\/\/waldkindergarten-trudering.de\/wordpress\/konzept-schulvorbereitung\/","title":{"rendered":"Konzept &#8211; Schulvorbereitung"},"content":{"rendered":"<div data-colibri-id=\"14-c108\" class=\"style-774 style-local-14-c108 position-relative\">\n  <!---->\n  <div data-colibri-component=\"section\" data-colibri-id=\"14-c109\" id=\"features\" class=\"h-section h-section-global-spacing d-flex align-items-lg-center align-items-md-center align-items-center style-779 style-local-14-c109 position-relative\">\n    <!---->\n    <!---->\n    <div class=\"h-section-grid-container h-section-boxed-container\">\n      <div data-colibri-id=\"14-c129\" class=\"h-row-container gutters-row-lg-2 gutters-row-md-2 gutters-row-0 gutters-row-v-lg-2 gutters-row-v-md-2 gutters-row-v-2 style-789 style-local-14-c129 position-relative\">\n        <!---->\n        <div class=\"h-row justify-content-lg-center justify-content-md-center justify-content-center align-items-lg-stretch align-items-md-stretch align-items-stretch gutters-col-lg-2 gutters-col-md-2 gutters-col-0 gutters-col-v-lg-2 gutters-col-v-md-2 gutters-col-v-2\">\n          <!---->\n          <div class=\"h-column h-column-container d-flex h-col-lg-auto h-col-md-auto h-col-auto style-790-outer style-local-14-c130-outer\">\n            <div data-colibri-id=\"14-c130\" class=\"d-flex h-flex-basis h-column__inner h-px-lg-2 h-px-md-2 h-px-2 v-inner-lg-2 v-inner-md-2 v-inner-2 style-790 style-local-14-c130 position-relative\">\n              <!---->\n              <!---->\n              <div class=\"w-100 h-y-container h-column__content h-column__v-align flex-basis-100 align-self-lg-start align-self-md-start align-self-start\">\n                <!---->\n                <div data-colibri-id=\"14-c131\" class=\"h-global-transition-all h-heading style-791 style-local-14-c131 position-relative h-element\">\n                  <!---->\n                  <div class=\"h-heading__outer style-791 style-local-14-c131\">\n                    <!---->\n                    <!---->\n                    <h2 class=\"\">Schulvorbereitung im Wald<\/h2>\n                  <\/div>\n                <\/div>\n                <div data-colibri-id=\"14-c132\" class=\"h-lead h-text h-text-component style-792 style-local-14-c132 position-relative h-element\">\n                  <!---->\n                  <!---->\n                  <div class=\"\">\n                    <p>Es gibt Basiskompetenzen, die den Kindern die \u00dcbergangssituation hin zur Schule und dort die Teilnahme am konzentrierten Lernen erleichtern. Die F\u00e4higkeit zur Wahrnehmung und Kommunikation, Neugier, Lernbereitschaft, Aufgabenverst\u00e4ndnis,\n                      Grob- und Feinmotorik sowie der angemessene Umgang mit anderen Kindern sind Kompetenzen, die besonders in unserem Waldkindergarten ausgebildet werden.<\/p>\n                  <\/div>\n                <\/div>\n              <\/div>\n            <\/div>\n          <\/div>\n        <\/div>\n      <\/div>\n      <div data-colibri-id=\"14-c110\" class=\"h-row-container gutters-row-lg-2 gutters-row-md-2 gutters-row-2 gutters-row-v-lg-2 gutters-row-v-md-2 gutters-row-v-2 style-780 style-local-14-c110 position-relative\">\n        <!---->\n        <div class=\"h-row justify-content-lg-center justify-content-md-center justify-content-center align-items-lg-stretch align-items-md-stretch align-items-stretch gutters-col-lg-2 gutters-col-md-2 gutters-col-2 gutters-col-v-lg-2 gutters-col-v-md-2 gutters-col-v-2\">\n          <!---->\n          <div class=\"h-column h-column-container d-flex h-col-lg-4 h-col-md-6 h-col-12 style-781-outer style-local-14-c111-outer\">\n            <div data-colibri-id=\"14-c111\" class=\"d-flex h-flex-basis h-column__inner h-px-lg-0 h-px-md-0 h-px-0 v-inner-lg-0 v-inner-md-0 v-inner-0 style-781 style-local-14-c111 position-relative\">\n              <!---->\n              <!---->\n              <div class=\"w-100 h-y-container h-column__content h-column__v-align flex-basis-100 align-self-lg-start align-self-md-start align-self-start\">\n                <!---->\n                <div data-colibri-id=\"14-c112\" class=\"d-block style-782 style-local-14-c112 position-relative h-element\">\n                  <!---->\n                  <div class=\"h-image__frame-container-outer\">\n                    <div class=\"h-image__frame-container\">\n                      <!---->\n                      <!---->\n                      <img loading=\"lazy\" decoding=\"async\" width=\"2560\" height=\"1920\" src=\"https:\/\/waldkindergarten-trudering.de\/wordpress\/wp-content\/uploads\/2021\/12\/IMG_0206-scaled.jpg\" class=\"wp-image-4537 style-782-image style-local-14-c112-image\" alt=\"\" srcset=\"https:\/\/waldkindergarten-trudering.de\/wordpress\/wp-content\/uploads\/2021\/12\/IMG_0206-scaled.jpg 2560w, https:\/\/waldkindergarten-trudering.de\/wordpress\/wp-content\/uploads\/2021\/12\/IMG_0206-300x225.jpg 300w, https:\/\/waldkindergarten-trudering.de\/wordpress\/wp-content\/uploads\/2021\/12\/IMG_0206-1024x768.jpg 1024w, https:\/\/waldkindergarten-trudering.de\/wordpress\/wp-content\/uploads\/2021\/12\/IMG_0206-768x576.jpg 768w, https:\/\/waldkindergarten-trudering.de\/wordpress\/wp-content\/uploads\/2021\/12\/IMG_0206-1536x1152.jpg 1536w, https:\/\/waldkindergarten-trudering.de\/wordpress\/wp-content\/uploads\/2021\/12\/IMG_0206-2048x1536.jpg 2048w\" sizes=\"auto, (max-width: 2560px) 100vw, 2560px\" \/>\n                      <div class=\"h-image__frame h-hide-lg h-hide-md h-hide-sm style-782-frameImage style-local-14-c112-frameImage\"><\/div>\n                    <\/div>\n                  <\/div>\n                <\/div>\n                <div data-colibri-id=\"14-c113\" class=\"h-row-container gutters-row-lg-0 gutters-row-md-0 gutters-row-2 gutters-row-v-lg-0 gutters-row-v-md-0 gutters-row-v-2 style-783 style-local-14-c113 position-relative\">\n                  <!---->\n                  <div class=\"h-row justify-content-lg-center justify-content-md-center justify-content-center align-items-lg-stretch align-items-md-stretch align-items-stretch gutters-col-lg-0 gutters-col-md-0 gutters-col-2 gutters-col-v-lg-0 gutters-col-v-md-0 gutters-col-v-2\">\n                    <!---->\n                    <div class=\"h-column h-column-container d-flex h-col-lg-auto h-col-md-auto h-col-auto style-784-outer style-local-14-c114-outer\">\n                      <div data-colibri-id=\"14-c114\" class=\"d-flex h-flex-basis h-column__inner h-px-lg-2 h-px-md-3 h-px-2 v-inner-lg-2 v-inner-md-3 v-inner-2 style-784 style-local-14-c114 position-relative\">\n                        <!---->\n                        <!---->\n                        <div class=\"w-100 h-y-container h-column__content h-column__v-align flex-basis-100 align-self-lg-start align-self-md-start align-self-start\">\n                          <!---->\n                          <div data-colibri-id=\"14-c115\" class=\"h-global-transition-all h-heading style-785 style-local-14-c115 position-relative h-element\">\n                            <!---->\n                            <div class=\"h-heading__outer style-785 style-local-14-c115\">\n                              <!---->\n                              <!---->\n                              <h4 class=\"\">Soziale Kompetenz<\/h4>\n                            <\/div>\n                          <\/div>\n                          <div data-colibri-id=\"14-c116\" class=\"h-text h-text-component style-786 style-local-14-c116 position-relative h-element\">\n                            <!---->\n                            <!---->\n                            <div class=\"\">\n                              <p>Das Mit- und F\u00fcreinander ist ein herausragendes, t\u00e4glich praktiziertes Lernfeld im Kindergarten. Die Kinder werden durch das fehlende Spielzeug angeregt miteinander zu spielen und Beziehungen zu kn\u00fcpfen. Die F\u00e4higkeit, sich\n                                in der Gruppe zu integrieren und Konflikte zu bew\u00e4ltigen sowie das Vermitteln und Bestehen in der Gruppe werden wie auch das Selbstbewusstsein der Kinder gef\u00f6rdert.<\/p>\n                            <\/div>\n                          <\/div>\n                        <\/div>\n                      <\/div>\n                    <\/div>\n                  <\/div>\n                <\/div>\n              <\/div>\n            <\/div>\n          <\/div>\n          <div class=\"h-column h-column-container d-flex h-col-lg-4 h-col-md-6 h-col-12 style-781-outer style-local-14-c117-outer\">\n            <div data-colibri-id=\"14-c117\" class=\"d-flex h-flex-basis h-column__inner h-px-lg-0 h-px-md-0 h-px-0 v-inner-lg-0 v-inner-md-0 v-inner-0 style-781 style-local-14-c117 position-relative\">\n              <!---->\n              <!---->\n              <div class=\"w-100 h-y-container h-column__content h-column__v-align flex-basis-100 align-self-lg-start align-self-md-start align-self-start\">\n                <!---->\n                <div data-colibri-id=\"14-c118\" class=\"d-block style-782 style-local-14-c118 position-relative h-element\">\n                  <!---->\n                  <div class=\"h-image__frame-container-outer\">\n                    <div class=\"h-image__frame-container\">\n                      <!---->\n                      <!---->\n                      <img loading=\"lazy\" decoding=\"async\" width=\"2560\" height=\"1920\" src=\"https:\/\/waldkindergarten-trudering.de\/wordpress\/wp-content\/uploads\/2021\/12\/IMG_20190415_115406-scaled.jpg\" class=\"wp-image-4542 style-782-image style-local-14-c118-image\" alt=\"\" srcset=\"https:\/\/waldkindergarten-trudering.de\/wordpress\/wp-content\/uploads\/2021\/12\/IMG_20190415_115406-scaled.jpg 2560w, https:\/\/waldkindergarten-trudering.de\/wordpress\/wp-content\/uploads\/2021\/12\/IMG_20190415_115406-300x225.jpg 300w, https:\/\/waldkindergarten-trudering.de\/wordpress\/wp-content\/uploads\/2021\/12\/IMG_20190415_115406-1024x768.jpg 1024w, https:\/\/waldkindergarten-trudering.de\/wordpress\/wp-content\/uploads\/2021\/12\/IMG_20190415_115406-768x576.jpg 768w, https:\/\/waldkindergarten-trudering.de\/wordpress\/wp-content\/uploads\/2021\/12\/IMG_20190415_115406-1536x1152.jpg 1536w, https:\/\/waldkindergarten-trudering.de\/wordpress\/wp-content\/uploads\/2021\/12\/IMG_20190415_115406-2048x1536.jpg 2048w\" sizes=\"auto, (max-width: 2560px) 100vw, 2560px\" \/>\n                      <div class=\"h-image__frame h-hide-lg h-hide-md h-hide-sm style-782-frameImage style-local-14-c118-frameImage\"><\/div>\n                    <\/div>\n                  <\/div>\n                <\/div>\n                <div data-colibri-id=\"14-c119\" class=\"h-row-container gutters-row-lg-0 gutters-row-md-0 gutters-row-2 gutters-row-v-lg-0 gutters-row-v-md-0 gutters-row-v-2 style-783 style-local-14-c119 position-relative\">\n                  <!---->\n                  <div class=\"h-row justify-content-lg-center justify-content-md-center justify-content-center align-items-lg-stretch align-items-md-stretch align-items-stretch gutters-col-lg-0 gutters-col-md-0 gutters-col-2 gutters-col-v-lg-0 gutters-col-v-md-0 gutters-col-v-2\">\n                    <!---->\n                    <div class=\"h-column h-column-container d-flex h-col-lg-auto h-col-md-auto h-col-auto style-784-outer style-local-14-c120-outer\">\n                      <div data-colibri-id=\"14-c120\" class=\"d-flex h-flex-basis h-column__inner h-px-lg-2 h-px-md-3 h-px-2 v-inner-lg-2 v-inner-md-3 v-inner-2 style-784 style-local-14-c120 position-relative\">\n                        <!---->\n                        <!---->\n                        <div class=\"w-100 h-y-container h-column__content h-column__v-align flex-basis-100 align-self-lg-start align-self-md-start align-self-start\">\n                          <!---->\n                          <div data-colibri-id=\"14-c121\" class=\"h-global-transition-all h-heading style-785 style-local-14-c121 position-relative h-element\">\n                            <!---->\n                            <div class=\"h-heading__outer style-785 style-local-14-c121\">\n                              <!---->\n                              <!---->\n                              <h4 class=\"\">Konzentration<\/h4>\n                            <\/div>\n                          <\/div>\n                          <div data-colibri-id=\"14-c122\" class=\"h-text h-text-component style-786 style-local-14-c122 position-relative h-element\">\n                            <!---->\n                            <!---->\n                            <div class=\"\">\n                              <p>Offenheit, Aufmerksamkeit und Wahrnehmung werden in einer ruhigen und nat\u00fcrlichen Umgebung t\u00e4glich spielerisch gef\u00f6rdert. Die Konzentration auf die eigene praktische Arbeit, wie das S\u00e4gen von \u00c4sten, Schnitzen von Holz, Bau\n                                von Holz- und Laubgeb\u00e4uden, das Ber\u00fchren und Erleben der Naturmaterialien erm\u00f6glicht u.a. das Erlernen von Konzentration und entsprechender Ausdauer.&nbsp;<\/p>\n                            <\/div>\n                          <\/div>\n                        <\/div>\n                      <\/div>\n                    <\/div>\n                  <\/div>\n                <\/div>\n              <\/div>\n            <\/div>\n          <\/div>\n          <div class=\"h-column h-column-container d-flex h-col-lg-4 h-col-md-6 h-col-12 style-781-outer style-local-14-c123-outer\">\n            <div data-colibri-id=\"14-c123\" class=\"d-flex h-flex-basis h-column__inner h-px-lg-0 h-px-md-0 h-px-0 v-inner-lg-0 v-inner-md-0 v-inner-0 style-781 style-local-14-c123 position-relative\">\n              <!---->\n              <!---->\n              <div class=\"w-100 h-y-container h-column__content h-column__v-align flex-basis-100 align-self-lg-start align-self-md-start align-self-start\">\n                <!---->\n                <div data-colibri-id=\"14-c124\" class=\"d-block style-782 style-local-14-c124 position-relative h-element\">\n                  <!---->\n                  <div class=\"h-image__frame-container-outer\">\n                    <div class=\"h-image__frame-container\">\n                      <!---->\n                      <!---->\n                      <img loading=\"lazy\" decoding=\"async\" width=\"2560\" height=\"1920\" src=\"https:\/\/waldkindergarten-trudering.de\/wordpress\/wp-content\/uploads\/2021\/12\/DSCN5912-scaled.jpg\" class=\"wp-image-4521 style-782-image style-local-14-c124-image\" alt=\"\" srcset=\"https:\/\/waldkindergarten-trudering.de\/wordpress\/wp-content\/uploads\/2021\/12\/DSCN5912-scaled.jpg 2560w, https:\/\/waldkindergarten-trudering.de\/wordpress\/wp-content\/uploads\/2021\/12\/DSCN5912-300x225.jpg 300w, https:\/\/waldkindergarten-trudering.de\/wordpress\/wp-content\/uploads\/2021\/12\/DSCN5912-1024x768.jpg 1024w, https:\/\/waldkindergarten-trudering.de\/wordpress\/wp-content\/uploads\/2021\/12\/DSCN5912-768x576.jpg 768w, https:\/\/waldkindergarten-trudering.de\/wordpress\/wp-content\/uploads\/2021\/12\/DSCN5912-1536x1152.jpg 1536w, https:\/\/waldkindergarten-trudering.de\/wordpress\/wp-content\/uploads\/2021\/12\/DSCN5912-2048x1536.jpg 2048w\" sizes=\"auto, (max-width: 2560px) 100vw, 2560px\" \/>\n                      <div class=\"h-image__frame h-hide-lg h-hide-md h-hide-sm style-782-frameImage style-local-14-c124-frameImage\"><\/div>\n                    <\/div>\n                  <\/div>\n                <\/div>\n                <div data-colibri-id=\"14-c125\" class=\"h-row-container gutters-row-lg-0 gutters-row-md-0 gutters-row-2 gutters-row-v-lg-0 gutters-row-v-md-0 gutters-row-v-2 style-783 style-local-14-c125 position-relative\">\n                  <!---->\n                  <div class=\"h-row justify-content-lg-center justify-content-md-center justify-content-center align-items-lg-stretch align-items-md-stretch align-items-stretch gutters-col-lg-0 gutters-col-md-0 gutters-col-2 gutters-col-v-lg-0 gutters-col-v-md-0 gutters-col-v-2\">\n                    <!---->\n                    <div class=\"h-column h-column-container d-flex h-col-lg-auto h-col-md-auto h-col-auto style-784-outer style-local-14-c126-outer\">\n                      <div data-colibri-id=\"14-c126\" class=\"d-flex h-flex-basis h-column__inner h-px-lg-2 h-px-md-3 h-px-2 v-inner-lg-2 v-inner-md-3 v-inner-2 style-784 style-local-14-c126 position-relative\">\n                        <!---->\n                        <!---->\n                        <div class=\"w-100 h-y-container h-column__content h-column__v-align flex-basis-100 align-self-lg-start align-self-md-start align-self-start\">\n                          <!---->\n                          <div data-colibri-id=\"14-c127\" class=\"h-global-transition-all h-heading style-785 style-local-14-c127 position-relative h-element\">\n                            <!---->\n                            <div class=\"h-heading__outer style-785 style-local-14-c127\">\n                              <!---->\n                              <!---->\n                              <h4 class=\"\">Sprache und Zahlen<\/h4>\n                            <\/div>\n                          <\/div>\n                          <div data-colibri-id=\"14-c128\" class=\"h-text h-text-component style-786 style-local-14-c128 position-relative h-element\">\n                            <!---->\n                            <!---->\n                            <div class=\"\">\n                              <p>Lieder, Reime, rythmische Begleitung zum Erz\u00e4hlen von Text- und Bilderb\u00fccher geh\u00f6ren zum Alltag des Waldkindergartens. Im Morgenkreis sowie bei anderen Zusammenk\u00fcnften, z.B. bei der Brotzeit, wird ge\u00fcbt frei \u00fcber sich und\n                                seine Gef\u00fchle zu sprechen. Jeden Morgen z\u00e4hlen die Kinder im Wechsel die Anwesenden. Im Spiel werden Steine, Fichtenzapfen u.a. gez\u00e4hlt.<\/p>\n                            <\/div>\n                          <\/div>\n                        <\/div>\n                      <\/div>\n                    <\/div>\n                  <\/div>\n                <\/div>\n              <\/div>\n            <\/div>\n          <\/div>\n        <\/div>\n      <\/div>\n    <\/div>\n  <\/div>\n  <div data-colibri-component=\"section\" data-colibri-id=\"14-c133\" id=\"content\" class=\"h-section h-section-global-spacing d-flex align-items-lg-center align-items-md-center align-items-center style-797 style-local-14-c133 position-relative\">\n    <!---->\n    <!---->\n    <div class=\"h-section-grid-container h-section-boxed-container\">\n      <!---->\n      <div data-colibri-id=\"14-c134\" class=\"h-row-container gutters-row-lg-2 gutters-row-md-2 gutters-row-2 gutters-row-v-lg-2 gutters-row-v-md-2 gutters-row-v-2 style-798 style-local-14-c134 position-relative\">\n        <!---->\n        <div class=\"h-row justify-content-lg-center justify-content-md-center justify-content-center align-items-lg-stretch align-items-md-stretch align-items-stretch gutters-col-lg-2 gutters-col-md-2 gutters-col-2 gutters-col-v-lg-2 gutters-col-v-md-2 gutters-col-v-2\">\n          <!---->\n          <div class=\"h-column h-column-container d-flex h-col-lg-auto h-col-md-auto h-col-auto style-799-outer style-local-14-c135-outer\">\n            <div data-colibri-id=\"14-c135\" class=\"d-flex h-flex-basis h-column__inner h-px-lg-0 h-px-md-2 h-px-0 v-inner-lg-0 v-inner-md-2 v-inner-0 style-799 style-local-14-c135 position-relative\">\n              <!---->\n              <!---->\n              <div class=\"w-100 h-y-container h-column__content h-column__v-align flex-basis-100 align-self-lg-center align-self-md-center align-self-center\">\n                <!---->\n                <div data-colibri-id=\"14-c136\" class=\"d-block style-800 style-local-14-c136 position-relative h-element\">\n                  <!---->\n                  <div class=\"h-image__frame-container-outer\">\n                    <div class=\"h-image__frame-container\">\n                      <!---->\n                      <!---->\n                      <img loading=\"lazy\" decoding=\"async\" width=\"1024\" height=\"683\" src=\"https:\/\/waldkindergarten-trudering.de\/wordpress\/wp-content\/uploads\/Banner\/cropped-1186.jpg\" class=\"wp-image-3648 style-800-image style-local-14-c136-image\" alt=\"\" srcset=\"https:\/\/waldkindergarten-trudering.de\/wordpress\/wp-content\/uploads\/Banner\/cropped-1186.jpg 1024w, https:\/\/waldkindergarten-trudering.de\/wordpress\/wp-content\/uploads\/Banner\/cropped-1186-300x200.jpg 300w, https:\/\/waldkindergarten-trudering.de\/wordpress\/wp-content\/uploads\/Banner\/cropped-1186-768x512.jpg 768w\" sizes=\"auto, (max-width: 1024px) 100vw, 1024px\" \/>\n                      <div class=\"h-image__frame h-hide-sm style-800-frameImage style-local-14-c136-frameImage\"><\/div>\n                    <\/div>\n                  <\/div>\n                <\/div>\n              <\/div>\n            <\/div>\n          <\/div>\n          <div class=\"h-column h-column-container d-flex h-col-lg-auto h-col-md-auto h-col-auto style-801-outer style-local-14-c137-outer\">\n            <div data-colibri-id=\"14-c137\" class=\"d-flex h-flex-basis h-column__inner h-px-lg-0 h-px-md-0 h-px-2 v-inner-lg-0 v-inner-md-0 v-inner-2 style-801 style-local-14-c137 position-relative\">\n              <!---->\n              <!---->\n              <div class=\"w-100 h-y-container h-column__content h-column__v-align flex-basis-100 align-self-lg-center align-self-md-center align-self-center\">\n                <!---->\n                <div data-colibri-id=\"14-c138\" class=\"h-global-transition-all h-heading style-802 style-local-14-c138 position-relative h-element\">\n                  <!---->\n                  <div class=\"h-heading__outer style-802 style-local-14-c138\">\n                    <!---->\n                    <!---->\n                    <h3 class=\"\">Bewegung macht schlau!<\/h3>\n                  <\/div>\n                <\/div>\n                <div data-colibri-id=\"14-c139\" class=\"h-text h-text-component style-803 style-local-14-c139 position-relative h-element\">\n                  <!---->\n                  <!---->\n                  <div class=\"\">\n                    <p>Es gibt Untersuchungen, die einen positiven Zusammenhang zwischen k\u00f6rperlicher Bet\u00e4tigung sowie geistiger Entwicklung und Konzentrationsf\u00e4higkeit vermuten lassen. Unter Baumst\u00e4mme zu balancieren, \u00fcber Wurzeln trittsicher zu gehen,\n                      das Klettern auf B\u00e4umen und gro\u00dfe \u00c4ste zu transportieren &#8211; das Training der Grob- und Feinmotorik und Ausbilden der psychomotorischen Kompetenzen kommt in unserem Waldkindergarten nicht zu kurz.&nbsp;<\/p>\n                  <\/div>\n                <\/div>\n                <div data-colibri-id=\"14-c140\" class=\"h-x-container style-804 style-local-14-c140 position-relative h-element\">\n                  <!---->\n                  <div class=\"h-x-container-inner style-dynamic-14-c140-group style-804-spacing style-local-14-c140-spacing\"><span class=\"h-button__outer style-805-outer style-local-14-c141-outer d-inline-flex h-element\"><a h-use-smooth-scroll=\"true\" href=\"https:\/\/archiv.ub.uni-heidelberg.de\/volltextserver\/3135\/\"  data-colibri-id=\"14-c141\" class=\"d-flex w-100 align-items-center h-button justify-content-lg-center justify-content-md-center justify-content-center style-805 style-local-14-c141 position-relative\"><!----><!----> <span>Weiterf\u00fchrende Information<\/span><\/a>\n                    <\/span>\n                  <\/div>\n                <\/div>\n              <\/div>\n            <\/div>\n          <\/div>\n        <\/div>\n      <\/div>\n    <\/div>\n  <\/div>\n<\/div>","protected":false},"excerpt":{"rendered":"<p>Schulvorbereitung im Wald Es gibt Basiskompetenzen, die den Kindern die \u00dcbergangssituation hin zur Schule und dort die Teilnahme am konzentrierten Lernen erleichtern. Die F\u00e4higkeit zur Wahrnehmung und Kommunikation, Neugier, Lernbereitschaft, Aufgabenverst\u00e4ndnis, Grob- und Feinmotorik sowie der angemessene Umgang mit anderen Kindern sind Kompetenzen, die besonders in unserem Waldkindergarten ausgebildet werden. Soziale Kompetenz Das Mit- und [&hellip;]<\/p>\n","protected":false},"author":9,"featured_media":0,"parent":0,"menu_order":0,"comment_status":"closed","ping_status":"closed","template":"page-templates\/full-width-page.php","meta":{"footnotes":""},"class_list":["post-14","page","type-page","status-publish","hentry"],"_links":{"self":[{"href":"https:\/\/waldkindergarten-trudering.de\/wordpress\/wp-json\/wp\/v2\/pages\/14","targetHints":{"allow":["GET"]}}],"collection":[{"href":"https:\/\/waldkindergarten-trudering.de\/wordpress\/wp-json\/wp\/v2\/pages"}],"about":[{"href":"https:\/\/waldkindergarten-trudering.de\/wordpress\/wp-json\/wp\/v2\/types\/page"}],"author":[{"embeddable":true,"href":"https:\/\/waldkindergarten-trudering.de\/wordpress\/wp-json\/wp\/v2\/users\/9"}],"replies":[{"embeddable":true,"href":"https:\/\/waldkindergarten-trudering.de\/wordpress\/wp-json\/wp\/v2\/comments?post=14"}],"version-history":[{"count":17,"href":"https:\/\/waldkindergarten-trudering.de\/wordpress\/wp-json\/wp\/v2\/pages\/14\/revisions"}],"predecessor-version":[{"id":4566,"href":"https:\/\/waldkindergarten-trudering.de\/wordpress\/wp-json\/wp\/v2\/pages\/14\/revisions\/4566"}],"wp:attachment":[{"href":"https:\/\/waldkindergarten-trudering.de\/wordpress\/wp-json\/wp\/v2\/media?parent=14"}],"curies":[{"name":"wp","href":"https:\/\/api.w.org\/{rel}","templated":true}]}}