{"id":3926,"date":"2021-12-18T23:00:35","date_gmt":"2021-12-18T23:00:35","guid":{"rendered":"https:\/\/waldkindergarten-trudering.de\/wordpress\/?page_id=3926"},"modified":"2021-12-28T14:01:28","modified_gmt":"2021-12-28T14:01:28","slug":"kontakt-datenschutz","status":"publish","type":"page","link":"https:\/\/waldkindergarten-trudering.de\/wordpress\/kontakt-datenschutz\/","title":{"rendered":"Kontakt &#8211; Datenschutz"},"content":{"rendered":"<div data-colibri-id=\"3926-c31\" class=\"style-826 style-local-3926-c31 position-relative\">\n  <!---->\n  <div data-colibri-component=\"section\" data-colibri-id=\"3926-c32\" id=\"custom\" class=\"h-section h-section-global-spacing d-flex align-items-lg-center align-items-md-center align-items-center style-827 style-local-3926-c32 position-relative\">\n    <!---->\n    <!---->\n    <div class=\"h-section-grid-container h-section-boxed-container\">\n      <!---->\n      <div data-colibri-id=\"3926-c33\" class=\"h-row-container gutters-row-lg-2 gutters-row-md-2 gutters-row-0 gutters-row-v-lg-2 gutters-row-v-md-2 gutters-row-v-2 style-828 style-local-3926-c33 position-relative\">\n        <!---->\n        <div class=\"h-row justify-content-lg-center justify-content-md-center justify-content-center align-items-lg-stretch align-items-md-stretch align-items-stretch gutters-col-lg-2 gutters-col-md-2 gutters-col-0 gutters-col-v-lg-2 gutters-col-v-md-2 gutters-col-v-2\">\n          <!---->\n          <div class=\"h-column h-column-container d-flex h-col-lg-auto h-col-md-auto h-col-auto style-829-outer style-local-3926-c34-outer\">\n            <div data-colibri-id=\"3926-c34\" class=\"d-flex h-flex-basis h-column__inner h-px-lg-2 h-px-md-2 h-px-2 v-inner-lg-2 v-inner-md-2 v-inner-2 style-829 style-local-3926-c34 position-relative\">\n              <!---->\n              <!---->\n              <div class=\"w-100 h-y-container h-column__content h-column__v-align flex-basis-100 align-self-lg-start align-self-md-start align-self-start\">\n                <!---->\n                <div data-colibri-id=\"3926-c35\" class=\"h-global-transition-all h-heading style-830 style-local-3926-c35 position-relative h-element\">\n                  <!---->\n                  <div class=\"h-heading__outer style-830 style-local-3926-c35\">\n                    <!---->\n                    <!---->\n                    <h3 class=\"\">Hinweise zum Datenschutz<\/h3>\n                  <\/div>\n                <\/div>\n                <div data-colibri-id=\"3926-c36\" class=\"h-global-transition-all h-heading style-831 style-local-3926-c36 position-relative h-element\">\n                  <!---->\n                  <div class=\"h-heading__outer style-831 style-local-3926-c36\">\n                    <!---->\n                    <!---->\n                    <h4 class=\"\">1. Einleitung<\/h4>\n                  <\/div>\n                <\/div>\n                <div data-colibri-id=\"3926-c37\" class=\"h-text h-text-component style-837 style-local-3926-c37 position-relative h-element\">\n                  <!---->\n                  <!---->\n                  <div class=\"\">\n                    <p>Mit dieser Datenschutzerkl\u00e4rung m\u00f6chten wir Dich \u00fcber Art, Umfang und Zweck der Verarbeitung von personenbezogenen Daten im Rahmen der Aufnahme in den Interessentenpool des Waldkindergarten Trudering e.V. aufkl\u00e4ren. Personenbezogene\n                      Daten sind alle Daten, die einen pers\u00f6nlichen Bezug zu Dir aufweisen, z.B. Name, Adresse, E-Mail-Adresse oder Nutzerverhalten.<\/p>\n                  <\/div>\n                <\/div>\n                <div data-colibri-id=\"3926-c38\" class=\"h-global-transition-all h-heading style-832 style-local-3926-c38 position-relative h-element\">\n                  <!---->\n                  <div class=\"h-heading__outer style-832 style-local-3926-c38\">\n                    <!---->\n                    <!---->\n                    <h4 class=\"\">2. Verantwortlich f\u00fcr Datenverarbeitung<\/h4>\n                  <\/div>\n                <\/div>\n                <div data-colibri-id=\"3926-c39\" class=\"h-text h-text-component style-838 style-local-3926-c39 position-relative h-element\">\n                  <!---->\n                  <!---->\n                  <div class=\"\">\n                    <p>Verantwortlich f\u00fcr die Verarbeitung ist der vertretungsberechtigte Vorstand des Waldkindergartens Trudering e.V., Postfach 83 10 22, 81710 M\u00fcnchen, vorstand@waldkindergarten-trudering.de<\/p>\n                  <\/div>\n                <\/div>\n                <div data-colibri-id=\"3926-c40\" class=\"h-global-transition-all h-heading style-885 style-local-3926-c40 position-relative h-element\">\n                  <!---->\n                  <div class=\"h-heading__outer style-885 style-local-3926-c40\">\n                    <!---->\n                    <!---->\n                    <h4 class=\"\">3. Kategorien verarbeitender Daten<\/h4>\n                  <\/div>\n                <\/div>\n                <div data-colibri-id=\"3926-c41\" class=\"h-global-transition-all h-heading style-887 style-local-3926-c41 position-relative h-element\">\n                  <!---->\n                  <div class=\"h-heading__outer style-887 style-local-3926-c41\">\n                    <!---->\n                    <!---->\n                    <h5 class=\"\">3.1. Bei allgemeiner Nutzung der Corporate Website<\/h5>\n                  <\/div>\n                <\/div>\n                <div data-colibri-id=\"3926-c42\" class=\"icon-list d-flex justify-content-lg-start justify-content-md-start justify-content-start style-888 style-local-3926-c42 position-relative h-element\">\n                  <!---->\n                  <ul class=\"ul-list-icon vertical-on-desktop vertical-on-tablet vertical-on-mobile justify-content-lg-start justify-content-md-start justify-content-start\">\n                    <!---->\n                    <li class=\"list-item no-gutters\">\n                      <!---->\n                      <div class=\"list-container-divider d-flex justify-content-lg-start justify-content-md-start justify-content-start first-el-spacer\"><\/div> <span class=\"item-link no-gutters\"><div class=\"d-flex h-col no-gutters align-items-lg-center align-items-md-center align-items-center list-item-text-wrapper\"><div class=\"d-flex\"><span  class=\"h-svg-icon style-888-icon style-local-3926-c42-icon\"><!--Icon by Font Awesome (https:\/\/fontawesome.com)--><svg version=\"1.1\" xmlns=\"http:\/\/www.w3.org\/2000\/svg\" xmlns:xlink=\"http:\/\/www.w3.org\/1999\/xlink\" id=\"minus\" viewBox=\"0 0 1408 1896.0833\"><path d=\"M1408 736v192q0 40-28 68t-68 28H96q-40 0-68-28T0 928V736q0-40 28-68t68-28h1216q40 0 68 28t28 68z\"><\/path><\/svg><\/span><\/div>\n                <span class=\"list-text d-block\"><span>IP-Adresse<\/span><\/span>\n              <\/div>\n              <\/span>\n              <div class=\"list-container-divider d-flex justify-content-lg-start justify-content-md-start justify-content-start\">\n                <!---->\n              <\/div>\n              <\/li>\n              <li class=\"list-item no-gutters\">\n                <!---->\n                <!----><span class=\"item-link no-gutters\"><div class=\"d-flex h-col no-gutters align-items-lg-center align-items-md-center align-items-center list-item-text-wrapper\"><div class=\"d-flex\"><span  class=\"h-svg-icon style-888-icon style-local-3926-c42-icon\"><!--Icon by Font Awesome (https:\/\/fontawesome.com)--><svg version=\"1.1\" xmlns=\"http:\/\/www.w3.org\/2000\/svg\" xmlns:xlink=\"http:\/\/www.w3.org\/1999\/xlink\" id=\"minus\" viewBox=\"0 0 1408 1896.0833\"><path d=\"M1408 736v192q0 40-28 68t-68 28H96q-40 0-68-28T0 928V736q0-40 28-68t68-28h1216q40 0 68 28t28 68z\"><\/path><\/svg><\/span><\/div>\n            <span class=\"list-text d-block\"><span>Zugriffsdatum und -uhrzeit<\/span><\/span>\n          <\/div>\n          <\/span>\n          <div class=\"list-container-divider d-flex justify-content-lg-start justify-content-md-start justify-content-start\">\n            <!---->\n          <\/div>\n          <\/li>\n          <li class=\"list-item no-gutters\">\n            <!---->\n            <!----><span class=\"item-link no-gutters\"><div class=\"d-flex h-col no-gutters align-items-lg-center align-items-md-center align-items-center list-item-text-wrapper\"><div class=\"d-flex\"><span  class=\"h-svg-icon style-888-icon style-local-3926-c42-icon\"><!--Icon by Font Awesome (https:\/\/fontawesome.com)--><svg version=\"1.1\" xmlns=\"http:\/\/www.w3.org\/2000\/svg\" xmlns:xlink=\"http:\/\/www.w3.org\/1999\/xlink\" id=\"minus\" viewBox=\"0 0 1408 1896.0833\"><path d=\"M1408 736v192q0 40-28 68t-68 28H96q-40 0-68-28T0 928V736q0-40 28-68t68-28h1216q40 0 68 28t28 68z\"><\/path><\/svg><\/span><\/div>\n        <span class=\"list-text d-block\"><span>Aufgerufene Seite<\/span><\/span>\n      <\/div>\n      <\/span>\n      <div class=\"list-container-divider d-flex justify-content-lg-start justify-content-md-start justify-content-start\">\n        <!---->\n      <\/div>\n      <\/li>\n      <li class=\"list-item no-gutters\">\n        <!---->\n        <!----><span class=\"item-link no-gutters\"><div class=\"d-flex h-col no-gutters align-items-lg-center align-items-md-center align-items-center list-item-text-wrapper\"><div class=\"d-flex\"><span  class=\"h-svg-icon style-888-icon style-local-3926-c42-icon\"><!--Icon by Font Awesome (https:\/\/fontawesome.com)--><svg version=\"1.1\" xmlns=\"http:\/\/www.w3.org\/2000\/svg\" xmlns:xlink=\"http:\/\/www.w3.org\/1999\/xlink\" id=\"minus\" viewBox=\"0 0 1408 1896.0833\"><path d=\"M1408 736v192q0 40-28 68t-68 28H96q-40 0-68-28T0 928V736q0-40 28-68t68-28h1216q40 0 68 28t28 68z\"><\/path><\/svg><\/span><\/div>\n    <span class=\"list-text d-block\"><span>Browsertyp und -version<\/span><\/span>\n  <\/div>\n  <\/span>\n  <div class=\"list-container-divider d-flex justify-content-lg-start justify-content-md-start justify-content-start\">\n    <!---->\n  <\/div>\n  <\/li>\n  <li class=\"list-item no-gutters\">\n    <!---->\n    <!----><span class=\"item-link no-gutters\"><div class=\"d-flex h-col no-gutters align-items-lg-center align-items-md-center align-items-center list-item-text-wrapper\"><div class=\"d-flex\"><span  class=\"h-svg-icon style-888-icon style-local-3926-c42-icon\"><!--Icon by Font Awesome (https:\/\/fontawesome.com)--><svg version=\"1.1\" xmlns=\"http:\/\/www.w3.org\/2000\/svg\" xmlns:xlink=\"http:\/\/www.w3.org\/1999\/xlink\" id=\"minus\" viewBox=\"0 0 1408 1896.0833\"><path d=\"M1408 736v192q0 40-28 68t-68 28H96q-40 0-68-28T0 928V736q0-40 28-68t68-28h1216q40 0 68 28t28 68z\"><\/path><\/svg><\/span><\/div>\n<span class=\"list-text d-block\"><span>Betriebssystem und Systemversion<\/span><\/span>\n<\/div>\n<\/span>\n<div class=\"list-container-divider d-flex justify-content-lg-start justify-content-md-start justify-content-start\" style=\"display: none;\">\n  <!---->\n<\/div>\n<div class=\"list-container-divider d-flex justify-content-lg-start justify-content-md-start justify-content-start last-el-spacer\"><\/div>\n<\/li>\n<\/ul>\n<\/div>\n<div data-colibri-id=\"3926-c43\" class=\"h-text h-text-component style-886 style-local-3926-c43 position-relative h-element\">\n  <!---->\n  <!---->\n  <div class=\"\">\n    <p>Die Verarbeitung der zuvor aufgef\u00fchrten Daten dient zur Darstellung der Corporate Website auf Deinem Endger\u00e4t. Die Rechtsgrundlage f\u00fcr die Verarbeitung dieser personenbezogenen Daten besteht im berechtigten Interesse von Dir und dem Waldkindergarten\n      Trudering e.V. Art. 6 (1) Buchst. a DSGVO. Die betreffenden personenbezogenen Daten werden nach Ablauf von 7 Tagen gel\u00f6scht.<\/p>\n  <\/div>\n<\/div>\n<div data-colibri-id=\"3926-c44\" class=\"h-text h-text-component style-892 style-local-3926-c44 position-relative h-element\">\n  <!---->\n  <!---->\n  <div class=\"\">\n    <p>Zus\u00e4tzlich zu den zuvor genannten Daten werden bei Ihrer Nutzung unserer Website Cookies auf Deinem Rechner gespeichert. Bei Cookies handelt es sich um kleine Textdateien, die auf Deiner Festplatte dem von Dir verwendeten Browser zugeordnet gespeichert\n      werden und durch welche der Stelle, die den Cookie setzt, bestimmte Informationen zuflie\u00dfen. Cookies k\u00f6nnen keine Programme ausf\u00fchren oder Viren auf Deine Computer \u00fcbertragen. Sie dienen dazu, das Internetangebot insgesamt nutzerfreundlicher und\n      effektiver zu machen. Rechtsgrundlage ist Art. 6 (1) Buchst. f DSGVO.<\/p>\n  <\/div>\n<\/div>\n<div data-colibri-id=\"3926-c45\" class=\"h-text h-text-component style-893 style-local-3926-c45 position-relative h-element\">\n  <!---->\n  <!---->\n  <div class=\"\">\n    <p>Du kannst Deine Browser-Einstellung entsprechend Deinen W\u00fcnschen konfigurieren und z.B. die Annahme von Third-Party-Cookies oder allen Cookies ablehnen. Wir weisen Dich darauf hin, dass Du eventuell nicht alle Funktionen dieser Website nutzen kannst.<\/p>\n  <\/div>\n<\/div>\n<div data-colibri-id=\"3926-c46\" class=\"h-global-transition-all h-heading style-889 style-local-3926-c46 position-relative h-element\">\n  <!---->\n  <div class=\"h-heading__outer style-889 style-local-3926-c46\">\n    <!---->\n    <!---->\n    <h5 class=\"\">3.2. Bei Absenden des Kontaktformulars<\/h5>\n  <\/div>\n<\/div>\n<div data-colibri-id=\"3926-c47\" class=\"icon-list d-flex justify-content-lg-start justify-content-md-start justify-content-start style-890 style-local-3926-c47 position-relative h-element\">\n  <!---->\n  <ul class=\"ul-list-icon vertical-on-desktop vertical-on-tablet vertical-on-mobile justify-content-lg-start justify-content-md-start justify-content-start\">\n    <!---->\n    <li class=\"list-item no-gutters\">\n      <!---->\n      <div class=\"list-container-divider d-flex justify-content-lg-start justify-content-md-start justify-content-start first-el-spacer\"><\/div> <span class=\"item-link no-gutters\"><div class=\"d-flex h-col no-gutters align-items-lg-center align-items-md-center align-items-center list-item-text-wrapper\"><div class=\"d-flex\"><span  class=\"h-svg-icon style-890-icon style-local-3926-c47-icon\"><!--Icon by Font Awesome (https:\/\/fontawesome.com)--><svg version=\"1.1\" xmlns=\"http:\/\/www.w3.org\/2000\/svg\" xmlns:xlink=\"http:\/\/www.w3.org\/1999\/xlink\" id=\"minus\" viewBox=\"0 0 1408 1896.0833\"><path d=\"M1408 736v192q0 40-28 68t-68 28H96q-40 0-68-28T0 928V736q0-40 28-68t68-28h1216q40 0 68 28t28 68z\"><\/path><\/svg><\/span><\/div>\n<span class=\"list-text d-block\"><span>Name<\/span><\/span>\n<\/div>\n<\/span>\n<div class=\"list-container-divider d-flex justify-content-lg-start justify-content-md-start justify-content-start\">\n  <!---->\n<\/div>\n<\/li>\n<li class=\"list-item no-gutters\">\n  <!---->\n  <!----><span class=\"item-link no-gutters\"><div class=\"d-flex h-col no-gutters align-items-lg-center align-items-md-center align-items-center list-item-text-wrapper\"><div class=\"d-flex\"><span  class=\"h-svg-icon style-890-icon style-local-3926-c47-icon\"><!--Icon by Font Awesome (https:\/\/fontawesome.com)--><svg version=\"1.1\" xmlns=\"http:\/\/www.w3.org\/2000\/svg\" xmlns:xlink=\"http:\/\/www.w3.org\/1999\/xlink\" id=\"minus\" viewBox=\"0 0 1408 1896.0833\"><path d=\"M1408 736v192q0 40-28 68t-68 28H96q-40 0-68-28T0 928V736q0-40 28-68t68-28h1216q40 0 68 28t28 68z\"><\/path><\/svg><\/span><\/div>\n  <span class=\"list-text d-block\"><span>E-Mail-Adresse<\/span><\/span>\n  <\/div>\n  <\/span>\n  <div class=\"list-container-divider d-flex justify-content-lg-start justify-content-md-start justify-content-start\">\n    <!---->\n  <\/div>\n<\/li>\n<li class=\"list-item no-gutters\">\n  <!---->\n  <!----><span class=\"item-link no-gutters\"><div class=\"d-flex h-col no-gutters align-items-lg-center align-items-md-center align-items-center list-item-text-wrapper\"><div class=\"d-flex\"><span  class=\"h-svg-icon style-890-icon style-local-3926-c47-icon\"><!--Icon by Font Awesome (https:\/\/fontawesome.com)--><svg version=\"1.1\" xmlns=\"http:\/\/www.w3.org\/2000\/svg\" xmlns:xlink=\"http:\/\/www.w3.org\/1999\/xlink\" id=\"minus\" viewBox=\"0 0 1408 1896.0833\"><path d=\"M1408 736v192q0 40-28 68t-68 28H96q-40 0-68-28T0 928V736q0-40 28-68t68-28h1216q40 0 68 28t28 68z\"><\/path><\/svg><\/span><\/div>\n  <span class=\"list-text d-block\"><span>Interesse an der Inanspruchnahme eines Betreuungsplatzes<\/span><\/span>\n  <\/div>\n  <\/span>\n  <div class=\"list-container-divider d-flex justify-content-lg-start justify-content-md-start justify-content-start\">\n    <!---->\n  <\/div>\n<\/li>\n<li class=\"list-item no-gutters\">\n  <!---->\n  <!----><span class=\"item-link no-gutters\"><div class=\"d-flex h-col no-gutters align-items-lg-center align-items-md-center align-items-center list-item-text-wrapper\"><div class=\"d-flex\"><span  class=\"h-svg-icon style-890-icon style-local-3926-c47-icon\"><!--Icon by Font Awesome (https:\/\/fontawesome.com)--><svg version=\"1.1\" xmlns=\"http:\/\/www.w3.org\/2000\/svg\" xmlns:xlink=\"http:\/\/www.w3.org\/1999\/xlink\" id=\"minus\" viewBox=\"0 0 1408 1896.0833\"><path d=\"M1408 736v192q0 40-28 68t-68 28H96q-40 0-68-28T0 928V736q0-40 28-68t68-28h1216q40 0 68 28t28 68z\"><\/path><\/svg><\/span><\/div>\n  <span class=\"list-text d-block\"><span>Aufnahme auf die Warteliste f\u00fcr Nachr\u00fccker<\/span><\/span>\n  <\/div>\n  <\/span>\n  <div class=\"list-container-divider d-flex justify-content-lg-start justify-content-md-start justify-content-start\">\n    <!---->\n  <\/div>\n<\/li>\n<li class=\"list-item no-gutters\">\n  <!---->\n  <!----><span class=\"item-link no-gutters\"><div class=\"d-flex h-col no-gutters align-items-lg-center align-items-md-center align-items-center list-item-text-wrapper\"><div class=\"d-flex\"><span  class=\"h-svg-icon style-890-icon style-local-3926-c47-icon\"><!--Icon by Font Awesome (https:\/\/fontawesome.com)--><svg version=\"1.1\" xmlns=\"http:\/\/www.w3.org\/2000\/svg\" xmlns:xlink=\"http:\/\/www.w3.org\/1999\/xlink\" id=\"minus\" viewBox=\"0 0 1408 1896.0833\"><path d=\"M1408 736v192q0 40-28 68t-68 28H96q-40 0-68-28T0 928V736q0-40 28-68t68-28h1216q40 0 68 28t28 68z\"><\/path><\/svg><\/span><\/div>\n  <span class=\"list-text d-block\"><span>Aufnahme auf die Warteliste f\u00fcr einen Platz in der Waldspielgruppe<\/span><\/span>\n  <\/div>\n  <\/span>\n  <div class=\"list-container-divider d-flex justify-content-lg-start justify-content-md-start justify-content-start\">\n    <!---->\n  <\/div>\n<\/li>\n<li class=\"list-item no-gutters\">\n  <!---->\n  <!----><span class=\"item-link no-gutters\"><div class=\"d-flex h-col no-gutters align-items-lg-center align-items-md-center align-items-center list-item-text-wrapper\"><div class=\"d-flex\"><span  class=\"h-svg-icon style-890-icon style-local-3926-c47-icon\"><!--Icon by Font Awesome (https:\/\/fontawesome.com)--><svg version=\"1.1\" xmlns=\"http:\/\/www.w3.org\/2000\/svg\" xmlns:xlink=\"http:\/\/www.w3.org\/1999\/xlink\" id=\"minus\" viewBox=\"0 0 1408 1896.0833\"><path d=\"M1408 736v192q0 40-28 68t-68 28H96q-40 0-68-28T0 928V736q0-40 28-68t68-28h1216q40 0 68 28t28 68z\"><\/path><\/svg><\/span><\/div>\n  <span class=\"list-text d-block\"><span>Freitextnachricht<\/span><\/span>\n  <\/div>\n  <\/span>\n  <div class=\"list-container-divider d-flex justify-content-lg-start justify-content-md-start justify-content-start\">\n    <!---->\n  <\/div>\n<\/li>\n<li class=\"list-item no-gutters\">\n  <!---->\n  <!----><span class=\"item-link no-gutters\"><div class=\"d-flex h-col no-gutters align-items-lg-center align-items-md-center align-items-center list-item-text-wrapper\"><div class=\"d-flex\"><span  class=\"h-svg-icon style-890-icon style-local-3926-c47-icon\"><!--Icon by Font Awesome (https:\/\/fontawesome.com)--><svg version=\"1.1\" xmlns=\"http:\/\/www.w3.org\/2000\/svg\" xmlns:xlink=\"http:\/\/www.w3.org\/1999\/xlink\" id=\"minus\" viewBox=\"0 0 1408 1896.0833\"><path d=\"M1408 736v192q0 40-28 68t-68 28H96q-40 0-68-28T0 928V736q0-40 28-68t68-28h1216q40 0 68 28t28 68z\"><\/path><\/svg><\/span><\/div>\n  <span class=\"list-text d-block\"><span>Datum + Uhrzeit der Formularabsendung<\/span><\/span>\n  <\/div>\n  <\/span>\n  <div class=\"list-container-divider d-flex justify-content-lg-start justify-content-md-start justify-content-start\" style=\"display: none;\">\n    <!---->\n  <\/div>\n  <div class=\"list-container-divider d-flex justify-content-lg-start justify-content-md-start justify-content-start last-el-spacer\"><\/div>\n<\/li>\n<\/ul>\n<\/div>\n<div data-colibri-id=\"3926-c48\" class=\"h-text h-text-component style-891 style-local-3926-c48 position-relative h-element\">\n  <!---->\n  <!---->\n  <div class=\"\">\n    <p>Die Verarbeitung der zuvor aufgef\u00fchrten Daten dient zum \u00dcbersenden des Newsletters Waldkindergarten Trudering e.V., mit Informationen zu \u00f6ffentlichen Veranstaltungen und weiteren Aktivit\u00e4ten des Vereins.&nbsp;<span style=\"color: rgb(0, 0, 0); font-family: &quot;Open Sans&quot;; font-size: 16px; font-weight: 400;\">Die Rechtsgrundlage f\u00fcr die Verarbeitung dieser personenbezogenen Daten besteht im berechtigten Interesse von Dir und dem Waldkindergarten Trudering e.V. Art. 6 (1) Buchst. a DSGVO. Die betreffenden personenbezogenen Daten werden nach Ablauf eines Jahres gel\u00f6scht oder im Falle der ausschlie\u00dflichen Newsletter-Registrierung nach deren Widerspruch.<\/span><\/p>\n  <\/div>\n<\/div>\n<div data-colibri-id=\"3926-c49\" class=\"h-global-transition-all h-heading style-965 style-local-3926-c49 position-relative h-element\">\n  <!---->\n  <div class=\"h-heading__outer style-965 style-local-3926-c49\">\n    <!---->\n    <!---->\n    <h5 class=\"\">3.3. Bei Registrierung f\u00fcr den Newsletter Waldkindergarten Trudering e.V.\n      <br>\n    <\/h5>\n  <\/div>\n<\/div>\n<div data-colibri-id=\"3926-c50\" class=\"icon-list d-flex justify-content-lg-start justify-content-md-start justify-content-start style-967 style-local-3926-c50 position-relative h-element\">\n  <!---->\n  <ul class=\"ul-list-icon vertical-on-desktop vertical-on-tablet vertical-on-mobile justify-content-lg-start justify-content-md-start justify-content-start\">\n    <!---->\n    <li class=\"list-item no-gutters\">\n      <!---->\n      <div class=\"list-container-divider d-flex justify-content-lg-start justify-content-md-start justify-content-start first-el-spacer\"><\/div> <span class=\"item-link no-gutters\"><div class=\"d-flex h-col no-gutters align-items-lg-center align-items-md-center align-items-center list-item-text-wrapper\"><div class=\"d-flex\"><span  class=\"h-svg-icon style-967-icon style-local-3926-c50-icon\"><!--Icon by Font Awesome (https:\/\/fontawesome.com)--><svg version=\"1.1\" xmlns=\"http:\/\/www.w3.org\/2000\/svg\" xmlns:xlink=\"http:\/\/www.w3.org\/1999\/xlink\" id=\"minus\" viewBox=\"0 0 1408 1896.0833\"><path d=\"M1408 736v192q0 40-28 68t-68 28H96q-40 0-68-28T0 928V736q0-40 28-68t68-28h1216q40 0 68 28t28 68z\"><\/path><\/svg><\/span><\/div>\n<span class=\"list-text d-block\"><span>E-Mail-Adresse<\/span><\/span>\n<\/div>\n<\/span>\n<div class=\"list-container-divider d-flex justify-content-lg-start justify-content-md-start justify-content-start\">\n  <!---->\n<\/div>\n<\/li>\n<li class=\"list-item no-gutters\">\n  <!---->\n  <!----><span class=\"item-link no-gutters\"><div class=\"d-flex h-col no-gutters align-items-lg-center align-items-md-center align-items-center list-item-text-wrapper\"><div class=\"d-flex\"><span  class=\"h-svg-icon style-967-icon style-local-3926-c50-icon\"><!--Icon by Font Awesome (https:\/\/fontawesome.com)--><svg version=\"1.1\" xmlns=\"http:\/\/www.w3.org\/2000\/svg\" xmlns:xlink=\"http:\/\/www.w3.org\/1999\/xlink\" id=\"minus\" viewBox=\"0 0 1408 1896.0833\"><path d=\"M1408 736v192q0 40-28 68t-68 28H96q-40 0-68-28T0 928V736q0-40 28-68t68-28h1216q40 0 68 28t28 68z\"><\/path><\/svg><\/span><\/div>\n  <span class=\"list-text d-block\"><span>Datum + Uhrzeit der Newsletter-Registrierung<\/span><\/span>\n  <\/div>\n  <\/span>\n  <div class=\"list-container-divider d-flex justify-content-lg-start justify-content-md-start justify-content-start\" style=\"display: none;\">\n    <!---->\n  <\/div>\n  <div class=\"list-container-divider d-flex justify-content-lg-start justify-content-md-start justify-content-start last-el-spacer\"><\/div>\n<\/li>\n<\/ul>\n<\/div>\n<div data-colibri-id=\"3926-c51\" class=\"h-text h-text-component style-966 style-local-3926-c51 position-relative h-element\">\n  <!---->\n  <!---->\n  <div class=\"\">\n    <p>Die Verarbeitung der zuvor aufgef\u00fchrten Daten dient zur Umsetzung Deines Registrierungswunsches f\u00fcr den Erhalt des Waldkindergarten Trudering e.V. Newsletters. Die Rechtsgrundlage f\u00fcr die Verarbeitung dieser personenbezogenen Daten besteht im berechtigten\n      Interesse von Dir und dem Waldkindergarten Trudering e.V. Art. 6 (1) Buchst. a DSGVO. Die betreffenden personenbezogenen Daten werden dann gel\u00f6scht, wenn Du der Newsletter-Registrierung aktiv widersprochen hast.<\/p>\n    <p>Die Anmeldung zu unserem Newsletter erfolgt in einem sog. Double-Opt-In-Verfahren. D.h. Du erh\u00e4ltst nach der Anmeldung eine E-Mail, in der Du um die Best\u00e4tigung Deiner Anmeldung gebeten wirst. Diese Best\u00e4tigung ist notwendig, damit sich niemand mit\n      einer fremden E-Mail-Adresse anmelden kann.<span style=\"font-weight: 400; font-size: 16px; font-family: Roboto, Arial, Helvetica, sans-serif; color: rgb(53, 72, 74);\"> <\/span><\/p>\n  <\/div>\n<\/div>\n<div data-colibri-id=\"3926-c52\" class=\"h-global-transition-all h-heading style-833 style-local-3926-c52 position-relative h-element\">\n  <!---->\n  <div class=\"h-heading__outer style-833 style-local-3926-c52\">\n    <!---->\n    <!---->\n    <h4 class=\"\">4. Empf\u00e4nger \/ Kategorien von Empf\u00e4ngern<\/h4>\n  <\/div>\n<\/div>\n<div data-colibri-id=\"3926-c53\" class=\"h-global-transition-all h-heading style-968 style-local-3926-c53 position-relative h-element\">\n  <!---->\n  <div class=\"h-heading__outer style-968 style-local-3926-c53\">\n    <!---->\n    <!---->\n    <h5 class=\"\">4.1. Bei allgemeiner Nutzung der Corporate Website<\/h5>\n  <\/div>\n<\/div>\n<div data-colibri-id=\"3926-c54\" class=\"h-text h-text-component style-839 style-local-3926-c54 position-relative h-element\">\n  <!---->\n  <!---->\n  <div class=\"\">\n    <p>Deine personenbezogenen Daten werden vom Waldkindergarten Trudering e.V nicht an Dritte weitergegeben, es sei denn, dies ist zur Erf\u00fcllung gesetzlicher Pflichten notwendig.<\/p>\n  <\/div>\n<\/div>\n<div data-colibri-id=\"3926-c55\" class=\"h-global-transition-all h-heading style-969 style-local-3926-c55 position-relative h-element\">\n  <!---->\n  <div class=\"h-heading__outer style-969 style-local-3926-c55\">\n    <!---->\n    <!---->\n    <h5 class=\"\">4.2. Bei Absenden des Kontaktformulars<\/h5>\n  <\/div>\n<\/div>\n<div data-colibri-id=\"3926-c56\" class=\"h-text h-text-component style-970 style-local-3926-c56 position-relative h-element\">\n  <!---->\n  <!---->\n  <div class=\"\">\n    <p><span style=\"font-weight: 400; font-size: 16px; font-family: &quot;Open Sans&quot;; color: rgb(0, 0, 0);\">Deine personenbezogenen Daten werden vom Waldkindergarten Trudering e.V nicht an Dritte weitergegeben, es sei denn, dies ist zur Erf\u00fcllung gesetzlicher Pflichten notwendig.<\/span><\/p>\n  <\/div>\n<\/div>\n<div data-colibri-id=\"3926-c57\" class=\"h-global-transition-all h-heading style-971 style-local-3926-c57 position-relative h-element\">\n  <!---->\n  <div class=\"h-heading__outer style-971 style-local-3926-c57\">\n    <!---->\n    <!---->\n    <h5 class=\"\">4.3. Bei Registrierung f\u00fcr den Newsletter Waldkindergarten Trudering e.V.<\/h5>\n  <\/div>\n<\/div>\n<div data-colibri-id=\"3926-c58\" class=\"h-text h-text-component style-972 style-local-3926-c58 position-relative h-element\">\n  <!---->\n  <!---->\n  <div class=\"\">\n    <p>Wir nutzen zur Speicherung und Bearbeitung der in Abschnitt 3 aufgef\u00fchrten Daten einen Saas (Software as a Service) Dienst der <span style=\"font-weight: 400; font-size: 16px; font-family: Roboto, Arial, Helvetica, sans-serif; color: rgb(53, 72, 74);\">rapidmail GmbH<\/span>      (Wentzingerstra\u00dfe 21, 79106 Freiburg im Breisgau, Deutschland) \u2013 nachfolgend als \u201erapidmail\u201c bezeichnet. Die verarbeiteten Daten werden an externe Server von rapidmail \u00fcbertragen und dort gespeichert. Die Server von rapidmail werden ausschlie\u00dflich\n      in Deutschland betrieben. Weiterf\u00fchrende Informationen zur Datensicherheit bei rapidmail und den daf\u00fcr eingesetzten technischen und organisatorischen Ma\u00dfnahmen finden sich auf der rapidmail Website.<\/p>\n    <p>D<span style=\"color: rgb(0, 0, 0); font-family: &quot;Open Sans&quot;; font-size: 16px; font-weight: 400;\">eine personenbezogenen Daten werden vom Waldkindergarten Trudering e.V nicht an weitere Dritte weitergegeben, es sei denn, dies ist zur Erf\u00fcllung gesetzlicher Pflichten notwendig.<\/span><\/p>\n  <\/div>\n<\/div>\n<div data-colibri-id=\"3926-c59\" class=\"h-global-transition-all h-heading style-834 style-local-3926-c59 position-relative h-element\">\n  <!---->\n  <div class=\"h-heading__outer style-834 style-local-3926-c59\">\n    <!---->\n    <!---->\n    <h4 class=\"\">5. Sicherheitsma\u00dfnahmen<\/h4>\n  <\/div>\n<\/div>\n<div data-colibri-id=\"3926-c60\" class=\"h-text h-text-component style-840 style-local-3926-c60 position-relative h-element\">\n  <!---->\n  <!---->\n  <div class=\"\">\n    <p>Wir treffen technische und organisatorische Sicherheitsma\u00dfnahmen nach dem Stand der Technik, um die Vorschriften der Datenschutzgesetze einzuhalten und Deine Daten gegen zuf\u00e4llige oder vors\u00e4tzliche Manipulationen, teilweisen oder vollst\u00e4ndigen Verlust,\n      Zerst\u00f6rung oder gegen den unbefugten Zugriff Dritter zu sch\u00fctzen.<\/p>\n  <\/div>\n<\/div>\n<div data-colibri-id=\"3926-c61\" class=\"h-global-transition-all h-heading style-835 style-local-3926-c61 position-relative h-element\">\n  <!---->\n  <div class=\"h-heading__outer style-835 style-local-3926-c61\">\n    <!---->\n    <!---->\n    <h4 class=\"\">6. Betroffenenrechte<\/h4>\n  <\/div>\n<\/div>\n<div data-colibri-id=\"3926-c62\" class=\"h-text h-text-component style-841 style-local-3926-c62 position-relative h-element\">\n  <!---->\n  <!---->\n  <div class=\"\">\n    <p>Nach der Datenschutz-Grundverordnung stehen Dir folgende Rechte zu, die Du jederzeit gegen\u00fcber dem untenstehend aufgef\u00fchrten Datenschutzbeauftragten des Waldkindergarten Trudering e.V. geltend machen kannst:<\/p>\n  <\/div>\n<\/div>\n<div data-colibri-id=\"3926-c63\" class=\"h-global-transition-all h-heading style-836 style-local-3926-c63 position-relative h-element\">\n  <!---->\n  <div class=\"h-heading__outer style-836 style-local-3926-c63\">\n    <!---->\n    <!---->\n    <h5 class=\"\">6.1. Recht auf Auskunft<\/h5>\n  <\/div>\n<\/div>\n<div data-colibri-id=\"3926-c64\" class=\"h-text h-text-component style-845 style-local-3926-c64 position-relative h-element\">\n  <!---->\n  <!---->\n  <div class=\"\">\n    <p>Du kannst nach Art. 15 DSGVO eine Best\u00e4tigung dar\u00fcber verlangen, ob und welche personenbezogenen Daten wir von Dir verarbeiten. Dar\u00fcber hinaus kannst Du von uns unentgeltlich Auskunft \u00fcber die Verarbeitungszwecke, die Kategorie der personenbezogenen\n      Daten, die Kategorien von Empf\u00e4ngern, gegen\u00fcber denen Deine Daten offengelegt wurden oder werden, die geplante Speicherdauer, das Bestehen eines Rechts auf Berichtigung, L\u00f6schung, Einschr\u00e4nkung der Verarbeitung oder Widerspruch, das Bestehen eines\n      Beschwerderechts sowie die Herkunft Deiner Daten, sofern diese nicht bei uns erhoben wurden, verlangen. Ferner steht Dir ein Auskunftsrecht dar\u00fcber zu, ob Deine personenbezogenen Daten an ein Drittland oder an eine internationale Organisation \u00fcbermittelt\n      wurden. Sofern dies der Fall ist, steht Dir das Recht zu, Auskunft \u00fcber die geeigneten Garantien im Zusammenhang mit der \u00dcbermittlung zu erhalten.<\/p>\n  <\/div>\n<\/div>\n<div data-colibri-id=\"3926-c65\" class=\"h-global-transition-all h-heading style-846 style-local-3926-c65 position-relative h-element\">\n  <!---->\n  <div class=\"h-heading__outer style-846 style-local-3926-c65\">\n    <!---->\n    <!---->\n    <h5 class=\"\">6.2. Recht auf Berichtigung<\/h5>\n  <\/div>\n<\/div>\n<div data-colibri-id=\"3926-c66\" class=\"h-text h-text-component style-847 style-local-3926-c66 position-relative h-element\">\n  <!---->\n  <!---->\n  <div class=\"\">\n    <p>Gem\u00e4\u00df Art. 16 DSGVO kannst Du die Berichtigung unrichtiger oder Vervollst\u00e4ndigung unvollst\u00e4ndiger der bei uns gespeicherten und Dich betreffender personenbezogener Daten verlangen.<\/p>\n  <\/div>\n<\/div>\n<div data-colibri-id=\"3926-c67\" class=\"h-global-transition-all h-heading style-848 style-local-3926-c67 position-relative h-element\">\n  <!---->\n  <div class=\"h-heading__outer style-848 style-local-3926-c67\">\n    <!---->\n    <!---->\n    <h5 class=\"\">6.3. Recht auf L\u00f6schung<\/h5>\n  <\/div>\n<\/div>\n<div data-colibri-id=\"3926-c68\" class=\"h-text h-text-component style-857 style-local-3926-c68 position-relative h-element\">\n  <!---->\n  <!---->\n  <div class=\"\">\n    <p>Gem\u00e4\u00df Art. 17 DSGVO steht Dir das Recht zu, die L\u00f6schung Deiner bei uns gespeicherten personenbezogenen Daten zu verlangen, soweit wir deren Verarbeitung nicht zu folgenden Zwecken ben\u00f6tigen:<\/p>\n  <\/div>\n<\/div>\n<div data-colibri-id=\"3926-c69\" class=\"icon-list d-flex justify-content-lg-start justify-content-md-start justify-content-start style-883 style-local-3926-c69 position-relative h-element\">\n  <!---->\n  <ul class=\"ul-list-icon vertical-on-desktop vertical-on-tablet vertical-on-mobile justify-content-lg-start justify-content-md-start justify-content-start\">\n    <!---->\n    <li class=\"list-item no-gutters\">\n      <!---->\n      <div class=\"list-container-divider d-flex justify-content-lg-start justify-content-md-start justify-content-start first-el-spacer\"><\/div> <span class=\"item-link no-gutters\"><div class=\"d-flex h-col no-gutters align-items-lg-center align-items-md-center align-items-center list-item-text-wrapper\"><div class=\"d-flex\"><span  class=\"h-svg-icon style-883-icon style-local-3926-c69-icon\"><!--Icon by Font Awesome (https:\/\/fontawesome.com)--><svg version=\"1.1\" xmlns=\"http:\/\/www.w3.org\/2000\/svg\" xmlns:xlink=\"http:\/\/www.w3.org\/1999\/xlink\" id=\"minus\" viewBox=\"0 0 1408 1896.0833\"><path d=\"M1408 736v192q0 40-28 68t-68 28H96q-40 0-68-28T0 928V736q0-40 28-68t68-28h1216q40 0 68 28t28 68z\"><\/path><\/svg><\/span><\/div>\n<span class=\"list-text d-block\"><span>zur Erf\u00fcllung einer rechtlichen Verpflichtung,<\/span><\/span>\n<\/div>\n<\/span>\n<div class=\"list-container-divider d-flex justify-content-lg-start justify-content-md-start justify-content-start\">\n  <!---->\n<\/div>\n<\/li>\n<li class=\"list-item no-gutters\">\n  <!---->\n  <!----><span class=\"item-link no-gutters\"><div class=\"d-flex h-col no-gutters align-items-lg-center align-items-md-center align-items-center list-item-text-wrapper\"><div class=\"d-flex\"><span  class=\"h-svg-icon style-883-icon style-local-3926-c69-icon\"><!--Icon by Font Awesome (https:\/\/fontawesome.com)--><svg version=\"1.1\" xmlns=\"http:\/\/www.w3.org\/2000\/svg\" xmlns:xlink=\"http:\/\/www.w3.org\/1999\/xlink\" id=\"minus\" viewBox=\"0 0 1408 1896.0833\"><path d=\"M1408 736v192q0 40-28 68t-68 28H96q-40 0-68-28T0 928V736q0-40 28-68t68-28h1216q40 0 68 28t28 68z\"><\/path><\/svg><\/span><\/div>\n  <span class=\"list-text d-block\"><span>zur Geltendmachung, Aus\u00fcbung oder Verteidigung von Rechtsanspr\u00fcchen,<\/span><\/span>\n  <\/div>\n  <\/span>\n  <div class=\"list-container-divider d-flex justify-content-lg-start justify-content-md-start justify-content-start\">\n    <!---->\n  <\/div>\n<\/li>\n<li class=\"list-item no-gutters\">\n  <!---->\n  <!----><span class=\"item-link no-gutters\"><div class=\"d-flex h-col no-gutters align-items-lg-center align-items-md-center align-items-center list-item-text-wrapper\"><div class=\"d-flex\"><span  class=\"h-svg-icon style-883-icon style-local-3926-c69-icon\"><!--Icon by Font Awesome (https:\/\/fontawesome.com)--><svg version=\"1.1\" xmlns=\"http:\/\/www.w3.org\/2000\/svg\" xmlns:xlink=\"http:\/\/www.w3.org\/1999\/xlink\" id=\"minus\" viewBox=\"0 0 1408 1896.0833\"><path d=\"M1408 736v192q0 40-28 68t-68 28H96q-40 0-68-28T0 928V736q0-40 28-68t68-28h1216q40 0 68 28t28 68z\"><\/path><\/svg><\/span><\/div>\n  <span class=\"list-text d-block\"><span>zur Aus\u00fcbung des Rechts auf freie Meinungs\u00e4u\u00dferung und Information oder<\/span><\/span>\n  <\/div>\n  <\/span>\n  <div class=\"list-container-divider d-flex justify-content-lg-start justify-content-md-start justify-content-start\">\n    <!---->\n  <\/div>\n<\/li>\n<li class=\"list-item no-gutters\">\n  <!---->\n  <!----><span class=\"item-link no-gutters\"><div class=\"d-flex h-col no-gutters align-items-lg-center align-items-md-center align-items-center list-item-text-wrapper\"><div class=\"d-flex\"><span  class=\"h-svg-icon style-883-icon style-local-3926-c69-icon\"><!--Icon by Font Awesome (https:\/\/fontawesome.com)--><svg version=\"1.1\" xmlns=\"http:\/\/www.w3.org\/2000\/svg\" xmlns:xlink=\"http:\/\/www.w3.org\/1999\/xlink\" id=\"minus\" viewBox=\"0 0 1408 1896.0833\"><path d=\"M1408 736v192q0 40-28 68t-68 28H96q-40 0-68-28T0 928V736q0-40 28-68t68-28h1216q40 0 68 28t28 68z\"><\/path><\/svg><\/span><\/div>\n  <span class=\"list-text d-block\"><span>aus Gr\u00fcnden der in Art. 17 (3) Buchst. c und d DSGVO genannten F\u00e4lle des \u00f6ffentlichen Interesses.<\/span><\/span>\n  <\/div>\n  <\/span>\n  <div class=\"list-container-divider d-flex justify-content-lg-start justify-content-md-start justify-content-start\" style=\"display: none;\">\n    <!---->\n  <\/div>\n  <div class=\"list-container-divider d-flex justify-content-lg-start justify-content-md-start justify-content-start last-el-spacer\"><\/div>\n<\/li>\n<\/ul>\n<\/div>\n<div data-colibri-id=\"3926-c70\" class=\"h-global-transition-all h-heading style-854 style-local-3926-c70 position-relative h-element\">\n  <!---->\n  <div class=\"h-heading__outer style-854 style-local-3926-c70\">\n    <!---->\n    <!---->\n    <h5 class=\"\">6.4. Recht auf Einschr\u00e4nkung<\/h5>\n  <\/div>\n<\/div>\n<div data-colibri-id=\"3926-c71\" class=\"h-text h-text-component style-863 style-local-3926-c71 position-relative h-element\">\n  <!---->\n  <!---->\n  <div class=\"\">\n    <p>Gem\u00e4\u00df Art. 18 DSGVO hast Du das Recht, die Einschr\u00e4nkung der Verarbeitung Deiner personenbezogenen Daten zu verlangen, wenn<\/p>\n  <\/div>\n<\/div>\n<div data-colibri-id=\"3926-c72\" class=\"icon-list d-flex justify-content-lg-start justify-content-md-start justify-content-start style-884 style-local-3926-c72 position-relative h-element\">\n  <!---->\n  <ul class=\"ul-list-icon vertical-on-desktop vertical-on-tablet vertical-on-mobile justify-content-lg-start justify-content-md-start justify-content-start\">\n    <!---->\n    <li class=\"list-item no-gutters\">\n      <!---->\n      <div class=\"list-container-divider d-flex justify-content-lg-start justify-content-md-start justify-content-start first-el-spacer\"><\/div> <span class=\"item-link no-gutters\"><div class=\"d-flex h-col no-gutters align-items-lg-center align-items-md-center align-items-center list-item-text-wrapper\"><div class=\"d-flex\"><span  class=\"h-svg-icon style-884-icon style-local-3926-c72-icon\"><!--Icon by Font Awesome (https:\/\/fontawesome.com)--><svg version=\"1.1\" xmlns=\"http:\/\/www.w3.org\/2000\/svg\" xmlns:xlink=\"http:\/\/www.w3.org\/1999\/xlink\" id=\"minus\" viewBox=\"0 0 1408 1896.0833\"><path d=\"M1408 736v192q0 40-28 68t-68 28H96q-40 0-68-28T0 928V736q0-40 28-68t68-28h1216q40 0 68 28t28 68z\"><\/path><\/svg><\/span><\/div>\n<span class=\"list-text d-block\"><span>die Richtigkeit der Daten von Dir bestritten wird, und zwar f\u00fcr eine Dauer, die es uns erm\u00f6glicht, die Richtigkeit der personenbezogenen Daten zu \u00fcberpr\u00fcfen,<\/span><\/span>\n<\/div>\n<\/span>\n<div class=\"list-container-divider d-flex justify-content-lg-start justify-content-md-start justify-content-start\">\n  <!---->\n<\/div>\n<\/li>\n<li class=\"list-item no-gutters\">\n  <!---->\n  <!----><span class=\"item-link no-gutters\"><div class=\"d-flex h-col no-gutters align-items-lg-center align-items-md-center align-items-center list-item-text-wrapper\"><div class=\"d-flex\"><span  class=\"h-svg-icon style-884-icon style-local-3926-c72-icon\"><!--Icon by Font Awesome (https:\/\/fontawesome.com)--><svg version=\"1.1\" xmlns=\"http:\/\/www.w3.org\/2000\/svg\" xmlns:xlink=\"http:\/\/www.w3.org\/1999\/xlink\" id=\"minus\" viewBox=\"0 0 1408 1896.0833\"><path d=\"M1408 736v192q0 40-28 68t-68 28H96q-40 0-68-28T0 928V736q0-40 28-68t68-28h1216q40 0 68 28t28 68z\"><\/path><\/svg><\/span><\/div>\n  <span class=\"list-text d-block\"><span>die Verarbeitung Deiner Daten unrechtm\u00e4\u00dfig ist, Du aber deren L\u00f6schung ablehnst und stattdessen die Einschr\u00e4nkung der Nutzung der Daten verlangst,<\/span><\/span>\n  <\/div>\n  <\/span>\n  <div class=\"list-container-divider d-flex justify-content-lg-start justify-content-md-start justify-content-start\">\n    <!---->\n  <\/div>\n<\/li>\n<li class=\"list-item no-gutters\">\n  <!---->\n  <!----><span class=\"item-link no-gutters\"><div class=\"d-flex h-col no-gutters align-items-lg-center align-items-md-center align-items-center list-item-text-wrapper\"><div class=\"d-flex\"><span  class=\"h-svg-icon style-884-icon style-local-3926-c72-icon\"><!--Icon by Font Awesome (https:\/\/fontawesome.com)--><svg version=\"1.1\" xmlns=\"http:\/\/www.w3.org\/2000\/svg\" xmlns:xlink=\"http:\/\/www.w3.org\/1999\/xlink\" id=\"minus\" viewBox=\"0 0 1408 1896.0833\"><path d=\"M1408 736v192q0 40-28 68t-68 28H96q-40 0-68-28T0 928V736q0-40 28-68t68-28h1216q40 0 68 28t28 68z\"><\/path><\/svg><\/span><\/div>\n  <span class=\"list-text d-block\"><span> wir die personenbezogenen Daten f\u00fcr die Zwecke der Verarbeitung nicht l\u00e4nger ben\u00f6tigen, Du die Daten jedoch zur Geltendmachung, Aus\u00fcbung oder Verteidigung von Rechtsanspr\u00fcchen ben\u00f6tigst,<\/span><\/span>\n  <\/div>\n  <\/span>\n  <div class=\"list-container-divider d-flex justify-content-lg-start justify-content-md-start justify-content-start\">\n    <!---->\n  <\/div>\n<\/li>\n<li class=\"list-item no-gutters\">\n  <!---->\n  <!----><span class=\"item-link no-gutters\"><div class=\"d-flex h-col no-gutters align-items-lg-center align-items-md-center align-items-center list-item-text-wrapper\"><div class=\"d-flex\"><span  class=\"h-svg-icon style-884-icon style-local-3926-c72-icon\"><!--Icon by Font Awesome (https:\/\/fontawesome.com)--><svg version=\"1.1\" xmlns=\"http:\/\/www.w3.org\/2000\/svg\" xmlns:xlink=\"http:\/\/www.w3.org\/1999\/xlink\" id=\"minus\" viewBox=\"0 0 1408 1896.0833\"><path d=\"M1408 736v192q0 40-28 68t-68 28H96q-40 0-68-28T0 928V736q0-40 28-68t68-28h1216q40 0 68 28t28 68z\"><\/path><\/svg><\/span><\/div>\n  <span class=\"list-text d-block\"><span>Du gem\u00e4\u00df Art. 21 DSGVO Widerspruch gegen die Verarbeitung Deiner Daten eingelegt hast, es aber noch nicht feststeht, ob die berechtigten Gr\u00fcnde, die uns trotz Deines Widerspruches zu einer weiteren Verarbeitung berechtigten, Deine Rechte \u00fcberwiegen.<\/span><\/span>\n  <\/div>\n  <\/span>\n  <div class=\"list-container-divider d-flex justify-content-lg-start justify-content-md-start justify-content-start\" style=\"display: none;\">\n    <!---->\n  <\/div>\n  <div class=\"list-container-divider d-flex justify-content-lg-start justify-content-md-start justify-content-start last-el-spacer\"><\/div>\n<\/li>\n<\/ul>\n<\/div>\n<div data-colibri-id=\"3926-c73\" class=\"h-global-transition-all h-heading style-860 style-local-3926-c73 position-relative h-element\">\n  <!---->\n  <div class=\"h-heading__outer style-860 style-local-3926-c73\">\n    <!---->\n    <!---->\n    <h5 class=\"\">6.5. Recht auf Unterrichtung<\/h5>\n  <\/div>\n<\/div>\n<div data-colibri-id=\"3926-c74\" class=\"h-text h-text-component style-866 style-local-3926-c74 position-relative h-element\">\n  <!---->\n  <!---->\n  <div class=\"\">\n    <p>Sofern Du das Recht auf Berichtigung, L\u00f6schung oder Einschr\u00e4nkung der Verarbeitung gegen\u00fcber uns geltend gemacht hast, sind wir verpflichtet, allen Empf\u00e4ngern, denen gegen\u00fcber die Dich betreffenden personenbezogene Daten offengelegt wurden, die von\n      Dir verlangte Berichtigung oder L\u00f6schung der Daten oder deren Einschr\u00e4nkung der Verarbeitung mitzuteilen, es sei denn, dies erweist sich als unm\u00f6glich oder ist mit einem unverh\u00e4ltnism\u00e4\u00dfigen Aufwand verbunden. Dir steht das Recht zu, von uns \u00fcber\n      diese Empf\u00e4nger unterrichtet zu werden.<\/p>\n  <\/div>\n<\/div>\n<div data-colibri-id=\"3926-c75\" class=\"h-global-transition-all h-heading style-876 style-local-3926-c75 position-relative h-element\">\n  <!---->\n  <div class=\"h-heading__outer style-876 style-local-3926-c75\">\n    <!---->\n    <!---->\n    <h5 class=\"\">6.6. Recht auf Daten\u00fcbertragbarkeit<\/h5>\n  <\/div>\n<\/div>\n<div data-colibri-id=\"3926-c76\" class=\"h-text h-text-component style-875 style-local-3926-c76 position-relative h-element\">\n  <!---->\n  <!---->\n  <div class=\"\">\n    <p>Gem\u00e4\u00df Art. 20 DSGVO kannst Du verlangen, dass wir die Dich betreffenden personenbezogenen Daten, die Du uns bereitgestellt hast, in einem strukturierten, g\u00e4ngigen und maschinenlesbaren Format zu erhalten oder die \u00dcbermittlung an einen anderen Verantwortlichen\n      zu verlangen.<\/p>\n  <\/div>\n<\/div>\n<div data-colibri-id=\"3926-c77\" class=\"h-global-transition-all h-heading style-878 style-local-3926-c77 position-relative h-element\">\n  <!---->\n  <div class=\"h-heading__outer style-878 style-local-3926-c77\">\n    <!---->\n    <!---->\n    <h4 class=\"\">7. Beschwerderecht<\/h4>\n  <\/div>\n<\/div>\n<div data-colibri-id=\"3926-c78\" class=\"h-text h-text-component style-877 style-local-3926-c78 position-relative h-element\">\n  <!---->\n  <!---->\n  <div class=\"\">\n    <p>Nach Art. 77 DSGVO hast Du das Recht, Dich bei einer Aufsichtsbeh\u00f6rde zu beschweren. Hierf\u00fcr kannst Du Dich an die Aufsichtsbeh\u00f6rde Deines \u00fcblichen Aufenthaltsortes, Deines Arbeitsplatzes oder des Sitzes unseres Waldkindergartens wenden.<\/p>\n    <p>Adresse der zust\u00e4ndigen Aufsichtsbeh\u00f6rde: Bayerisches Landesamt f\u00fcr Datenschutzaufsicht (BayLDA), Promenade 27, 91522 Ansbach, poststelle@lda.byern.de<\/p>\n  <\/div>\n<\/div>\n<div data-colibri-id=\"3926-c79\" class=\"h-global-transition-all h-heading style-879 style-local-3926-c79 position-relative h-element\">\n  <!---->\n  <div class=\"h-heading__outer style-879 style-local-3926-c79\">\n    <!---->\n    <!---->\n    <h4 class=\"\">8. Aktualit\u00e4t und \u00c4nderung dieser Datenschutzerkl\u00e4rung<\/h4>\n  <\/div>\n<\/div>\n<div data-colibri-id=\"3926-c80\" class=\"h-text h-text-component style-880 style-local-3926-c80 position-relative h-element\">\n  <!---->\n  <!---->\n  <div class=\"\">\n    <p>Diese Datenschutzerkl\u00e4rung ist aktuell g\u00fcltig und hat den Stand Dezember 2021. Aufgrund ge\u00e4nderter gesetzlicher bzw. beh\u00f6rdlicher Vorgaben kann es notwendig werden, diese Datenschutzerkl\u00e4rung anzupassen.<\/p>\n  <\/div>\n<\/div>\n<div data-colibri-id=\"3926-c81\" class=\"h-global-transition-all h-heading style-881 style-local-3926-c81 position-relative h-element\">\n  <!---->\n  <div class=\"h-heading__outer style-881 style-local-3926-c81\">\n    <!---->\n    <!---->\n    <h4 class=\"\">9. Kontaktdaten unseres Datenschutzbeauftragten<\/h4>\n  <\/div>\n<\/div>\n<div data-colibri-id=\"3926-c82\" class=\"h-text h-text-component style-882 style-local-3926-c82 position-relative h-element\">\n  <!---->\n  <!---->\n  <div class=\"\">\n    <p>Unseren Datenschutzbeauftragten kannst Du per E-Mail unter datenschutz@waldkindergarten-trudering.de oder unter unserer Postadresse mit dem Zusatz \u201ez.Hd. Datenschutzbeauftragten\u201c erreichen.<\/p>\n  <\/div>\n<\/div>\n<\/div>\n<\/div>\n<\/div>\n<\/div>\n<\/div>\n<\/div>\n<\/div>\n<\/div>","protected":false},"excerpt":{"rendered":"<p>Hinweise zum Datenschutz 1. Einleitung Mit dieser Datenschutzerkl\u00e4rung m\u00f6chten wir Dich \u00fcber Art, Umfang und Zweck der Verarbeitung von personenbezogenen Daten im Rahmen der Aufnahme in den Interessentenpool des Waldkindergarten Trudering e.V. aufkl\u00e4ren. Personenbezogene Daten sind alle Daten, die einen pers\u00f6nlichen Bezug zu Dir aufweisen, z.B. Name, Adresse, E-Mail-Adresse oder Nutzerverhalten. 2. Verantwortlich f\u00fcr Datenverarbeitung [&hellip;]<\/p>\n","protected":false},"author":9,"featured_media":0,"parent":0,"menu_order":0,"comment_status":"closed","ping_status":"closed","template":"page-templates\/full-width-page.php","meta":{"footnotes":""},"class_list":["post-3926","page","type-page","status-publish","hentry"],"_links":{"self":[{"href":"https:\/\/waldkindergarten-trudering.de\/wordpress\/wp-json\/wp\/v2\/pages\/3926","targetHints":{"allow":["GET"]}}],"collection":[{"href":"https:\/\/waldkindergarten-trudering.de\/wordpress\/wp-json\/wp\/v2\/pages"}],"about":[{"href":"https:\/\/waldkindergarten-trudering.de\/wordpress\/wp-json\/wp\/v2\/types\/page"}],"author":[{"embeddable":true,"href":"https:\/\/waldkindergarten-trudering.de\/wordpress\/wp-json\/wp\/v2\/users\/9"}],"replies":[{"embeddable":true,"href":"https:\/\/waldkindergarten-trudering.de\/wordpress\/wp-json\/wp\/v2\/comments?post=3926"}],"version-history":[{"count":20,"href":"https:\/\/waldkindergarten-trudering.de\/wordpress\/wp-json\/wp\/v2\/pages\/3926\/revisions"}],"predecessor-version":[{"id":4992,"href":"https:\/\/waldkindergarten-trudering.de\/wordpress\/wp-json\/wp\/v2\/pages\/3926\/revisions\/4992"}],"wp:attachment":[{"href":"https:\/\/waldkindergarten-trudering.de\/wordpress\/wp-json\/wp\/v2\/media?parent=3926"}],"curies":[{"name":"wp","href":"https:\/\/api.w.org\/{rel}","templated":true}]}}